{"id":143,"date":"2016-06-20T07:48:11","date_gmt":"2016-06-20T07:48:11","guid":{"rendered":"http:\/\/sw-themes.com\/porto_dummy\/?page_id=143"},"modified":"2025-04-28T15:36:18","modified_gmt":"2025-04-28T15:36:18","slug":"home","status":"publish","type":"page","link":"https:\/\/istarskiprsut.hr\/en\/","title":{"rendered":"Home"},"content":{"rendered":"<div class=\"wpb-content-wrapper\"><p>ISTRIAN OMBOLO&rdquo;\" rel=\"nofollow\">Select options<\/a>\t\t<span id=\"woocommerce_loop_add_to_cart_link_describedby_2255\" class=\"screen-reader-text\">\r\n\t\tThis product has multiple variants. The options may be chosen on the product page\t<\/span>\r\n\t\t\t<\/div>\r\n\t<\/div>\r\n\t\t<\/div>\r\n\t\t\t<\/div>\r\n\r\n\t<div class=\"product-content\">\r\n\t\t\r\n\t\t\t<a class=\"product-loop-title\"  href=\"https:\/\/istarskiprsut.hr\/en\/product\/istarski-ombolo\/\">\r\n\t<h3 class=\"woocommerce-loop-product__title\">ISTRIAN OMBOLO<\/h3>\t<\/a>\r\n\t\r\n\t\t\n\t<span class=\"price\"><span class=\"woocommerce-Price-amount amount\"><bdi>13,00&nbsp;<span class=\"woocommerce-Price-currencySymbol\">&euro;<\/span><\/bdi><\/span><\/span>\n\r\n\t\t<div class=\"add-links-wrap\">\r\n\t<div class=\"add-links no-effect clearfix\">\r\n\t\t<a href=\"https:\/\/istarskiprsut.hr\/en\/product\/istarski-ombolo\/\" aria-describedby=\"woocommerce_loop_add_to_cart_link_describedby_2255\" data-quantity=\"1\" class=\"viewcart-style-2 button product_type_variable add_to_cart_button\" data-product_id=\"2255\" data-product_sku=\"8\" aria-label=\"Select options for &ldquo;ISTRIAN OMBOLO&rdquo;\" rel=\"nofollow\">Select options<\/a>\t\t<span id=\"woocommerce_loop_add_to_cart_link_describedby_2255\" class=\"screen-reader-text\">\r\n\t\tThis product has multiple variants. The options may be chosen on the product page\t<\/span>\r\n\t\t\t<\/div>\r\n\t<\/div>\r\n\n                \n                            \n            \t<\/div>\r\n<\/div>\r\n\r\n<\/li>\r\n\r\n<li role=\"none\" class=\"product-col product-wq_onimage product type-product post-2254 status-publish instock product_cat-jelenic has-post-thumbnail featured taxable shipping-taxable purchasable product-type-variable has-default-attributes\">\r\n<div class=\"product-inner\">\r\n\t\r\n\t<div class=\"product-image\">\r\n\r\n\t\t<a  href=\"https:\/\/istarskiprsut.hr\/en\/product\/istarska-kosnica\/\" aria-label=\"Go to product page\">\r\n\t\t\t<div class=\"labels\"><div class=\"onhot\">Hot<\/div><\/div><div class=\"inner img-effect\"><img decoding=\"async\" width=\"300\" height=\"300\" src=\"https:\/\/istarskiprsut.hr\/wp-content\/uploads\/2021\/07\/prsutana-jelenic-proizvodi-domaca-kosnica-02-300x300.jpg\" class=\"attachment-woocommerce_thumbnail size-woocommerce_thumbnail\" alt=\"ISTRIAN KOSNICA\" \/><img decoding=\"async\" width=\"300\" height=\"300\" src=\"https:\/\/istarskiprsut.hr\/wp-content\/uploads\/2021\/07\/prsutana-jelenic-proizvodi-domaca-kosnica-01-300x300.jpg\" class=\"hover-image\" alt=\"\" \/><\/div>\t\t<\/a>\r\n\t\t\t<div class=\"links-on-image\">\r\n\t\t\t<div class=\"add-links-wrap\">\r\n\t<div class=\"add-links no-effect clearfix\">\r\n\t\t<a href=\"https:\/\/istarskiprsut.hr\/en\/product\/istarska-kosnica\/\" aria-describedby=\"woocommerce_loop_add_to_cart_link_describedby_2254\" data-quantity=\"1\" class=\"viewcart-style-2 button product_type_variable add_to_cart_button\" data-product_id=\"2254\" data-product_sku=\"89\" aria-label=\"Select options for &ldquo;ISTRIAN KOSNICA&rdquo;\" rel=\"nofollow\">Select options<\/a>\t\t<span id=\"woocommerce_loop_add_to_cart_link_describedby_2254\" class=\"screen-reader-text\">\r\n\t\tThis product has multiple variants. The options may be chosen on the product page\t<\/span>\r\n\t\t\t<\/div>\r\n\t<\/div>\r\n\t\t<\/div>\r\n\t\t\t<\/div>\r\n\r\n\t<div class=\"product-content\">\r\n\t\t\r\n\t\t\t<a class=\"product-loop-title\"  href=\"https:\/\/istarskiprsut.hr\/en\/product\/istarska-kosnica\/\">\r\n\t<h3 class=\"woocommerce-loop-product__title\">ISTRIAN KOSNICA<\/h3>\t<\/a>\r\n\t\r\n\t\t\n\t<span class=\"price\"><span class=\"woocommerce-Price-amount amount\"><bdi>5,00&nbsp;<span class=\"woocommerce-Price-currencySymbol\">&euro;<\/span><\/bdi><\/span><\/span>\n\r\n\t\t<div class=\"add-links-wrap\">\r\n\t<div class=\"add-links no-effect clearfix\">\r\n\t\t<a href=\"https:\/\/istarskiprsut.hr\/en\/product\/istarska-kosnica\/\" aria-describedby=\"woocommerce_loop_add_to_cart_link_describedby_2254\" data-quantity=\"1\" class=\"viewcart-style-2 button product_type_variable add_to_cart_button\" data-product_id=\"2254\" data-product_sku=\"89\" aria-label=\"Select options for &ldquo;ISTRIAN KOSNICA&rdquo;\" rel=\"nofollow\">Select options<\/a>\t\t<span id=\"woocommerce_loop_add_to_cart_link_describedby_2254\" class=\"screen-reader-text\">\r\n\t\tThis product has multiple variants. The options may be chosen on the product page\t<\/span>\r\n\t\t\t<\/div>\r\n\t<\/div>\r\n\n                \n                            \n            \t<\/div>\r\n<\/div>\r\n\r\n<\/li>\r\n\r\n<li role=\"none\" class=\"product-col product-wq_onimage product type-product post-2253 status-publish last outofstock product_cat-jelenic has-post-thumbnail featured taxable shipping-taxable purchasable product-type-variable has-default-attributes\">\r\n<div class=\"product-inner\">\r\n\t\r\n\t<div class=\"product-image\">\r\n\r\n\t\t<a  href=\"https:\/\/istarskiprsut.hr\/en\/product\/kobasica-uganj\/\" aria-label=\"Go to product page\">\r\n\t\t\t<div class=\"labels\"><div class=\"onhot\">Hot<\/div><\/div><div class=\"inner img-effect\"><img decoding=\"async\" width=\"300\" height=\"300\" src=\"https:\/\/istarskiprsut.hr\/wp-content\/uploads\/2021\/09\/prsutana-jelenic-proizvodi-kobasica-uganj-300x300.jpg\" class=\"attachment-woocommerce_thumbnail size-woocommerce_thumbnail\" alt=\"ISTRIAN SAUSAGE UGANJ\" \/><img decoding=\"async\" width=\"300\" height=\"300\" src=\"https:\/\/istarskiprsut.hr\/wp-content\/uploads\/2021\/07\/prsutana-jelenic-proizvodi-kobasica-uganj-studeni-2022-300x300.jpg\" class=\"hover-image\" alt=\"\" \/><\/div>\t\t<\/a>\r\n\t\t\t<div class=\"links-on-image\">\r\n\t\t\t<div class=\"add-links-wrap\">\r\n\t<div class=\"add-links no-effect clearfix\">\r\n\t\t<a href=\"https:\/\/istarskiprsut.hr\/en\/product\/kobasica-uganj\/\" aria-describedby=\"woocommerce_loop_add_to_cart_link_describedby_2253\" data-quantity=\"1\" class=\"viewcart-style-2 button product_type_variable add_to_cart_read_more\" data-product_id=\"2253\" data-product_sku=\"90\" aria-label=\"Select options for &ldquo;ISTRIAN SAUSAGE UGANJ&rdquo;\" rel=\"nofollow\">Select options<\/a>\t\t<span id=\"woocommerce_loop_add_to_cart_link_describedby_2253\" class=\"screen-reader-text\">\r\n\t\tThis product has multiple variants. The options may be chosen on the product page\t<\/span>\r\n\t\t\t<\/div>\r\n\t<\/div>\r\n\t\t<\/div>\r\n\t\t\t<\/div>\r\n\r\n\t<div class=\"product-content\">\r\n\t\t\r\n\t\t\t<a class=\"product-loop-title\"  href=\"https:\/\/istarskiprsut.hr\/en\/product\/kobasica-uganj\/\">\r\n\t<h3 class=\"woocommerce-loop-product__title\">ISTRIAN SAUSAGE UGANJ<\/h3>\t<\/a>\r\n\t\r\n\t\t\n\t<span class=\"price\"><span class=\"woocommerce-Price-amount amount\"><bdi>5,00&nbsp;<span class=\"woocommerce-Price-currencySymbol\">&euro;<\/span><\/bdi><\/span><\/span>\n\r\n\t\t<div class=\"add-links-wrap\">\r\n\t<div class=\"add-links no-effect clearfix\">\r\n\t\t<a href=\"https:\/\/istarskiprsut.hr\/en\/product\/kobasica-uganj\/\" aria-describedby=\"woocommerce_loop_add_to_cart_link_describedby_2253\" data-quantity=\"1\" class=\"viewcart-style-2 button product_type_variable add_to_cart_read_more\" data-product_id=\"2253\" data-product_sku=\"90\" aria-label=\"Select options for &ldquo;ISTRIAN SAUSAGE UGANJ&rdquo;\" rel=\"nofollow\">Select options<\/a>\t\t<span id=\"woocommerce_loop_add_to_cart_link_describedby_2253\" class=\"screen-reader-text\">\r\n\t\tThis product has multiple variants. The options may be chosen on the product page\t<\/span>\r\n\t\t\t<\/div>\r\n\t<\/div>\r\n\n                \n                            \n            \t<\/div>\r\n<\/div>\r\n\r\n<\/li>\r\n<\/ul>\r\n<\/div><\/div>[vc_btn title=&#8221;SVI PROIZVODI&#8221; style=&#8221;modern&#8221; shape=&#8221;rounded&#8221; color=&#8221;chino&#8221; size=&#8221;sm&#8221; align=&#8221;center&#8221; skin=&#8221;dark&#8221; el_class=&#8221;mb-0 ls-120&#8243; link=&#8221;url:%2Fshop%2F&#8221;][vc_empty_space height=&#8221;40px&#8221;][\/vc_column][\/vc_row][vc_row full_width=&#8221;stretch_row&#8221; wrap_container=&#8221;yes&#8221; content_placement=&#8221;middle&#8221; css=&#8221;.vc_custom_1623944076191{padding-top: 1.25rem !important;padding-bottom: 2rem !important;background-color: #efe8d7 !important;}&#8221; el_class=&#8221;header-top-ads&#8221;][vc_column width=&#8221;1\/3&#8243; animation_delay=&#8221;200&#8243;]<div class=\"porto-sicon-box  wpb_custom_20716856f560ace4298eabfbc848b623 style_1 default-icon\"><div class=\"porto-sicon-default\"><div class=\"porto-just-icon-wrapper porto-sicon-img  porto-icon-9f5d1cfb45d27d96b50bf473aebba227\" style=\"font-size: 48px;\"><img decoding=\"async\" class=\"img-icon\" alt=\"\" src=\"https:\/\/istarskiprsut.hr\/wp-content\/uploads\/2021\/09\/prsutana-jelenic-ikona-500kn.svg\" width=\"1\" height=\"1\" \/><\/div><\/div><div class=\"porto-sicon-header\"><h3 class=\"porto-sicon-title\" style=\"font-weight:700;font-size:14px;line-height:1;\">Dostava u HR i inozemstvu<\/h3><\/div> <!-- header --><\/div><!-- porto-sicon-box -->[\/vc_column][vc_column width=&#8221;1\/3&#8243; animation_delay=&#8221;500&#8243;]<div class=\"porto-sicon-box  wpb_custom_20716856f560ace4298eabfbc848b623 style_1 default-icon\"><div class=\"porto-sicon-default\"><div class=\"porto-just-icon-wrapper porto-sicon-img  porto-icon-9f5d1cfb45d27d96b50bf473aebba227\" style=\"font-size: 48px;\"><img decoding=\"async\" class=\"img-icon\" alt=\"\" src=\"https:\/\/istarskiprsut.hr\/wp-content\/uploads\/2025\/04\/prsutana-jelenic-ikona-sigurna-web-kupovina.svg\" width=\"1\" height=\"1\" \/><\/div><\/div><div class=\"porto-sicon-header\"><h3 class=\"porto-sicon-title\" style=\"font-weight:700;font-size:14px;line-height:1;\">Sigurna web kupovina<\/h3><\/div> <!-- header --><\/div><!-- porto-sicon-box -->[\/vc_column][vc_column width=&#8221;1\/3&#8243;]<div class=\"porto-sicon-box  wpb_custom_20716856f560ace4298eabfbc848b623 style_1 default-icon\"><div class=\"porto-sicon-default\"><div class=\"porto-just-icon-wrapper porto-sicon-img  porto-icon-9f5d1cfb45d27d96b50bf473aebba227\" style=\"font-size: 48px;\"><img decoding=\"async\" class=\"img-icon\" alt=\"\" src=\"https:\/\/istarskiprsut.hr\/wp-content\/uploads\/2021\/09\/prsutana-jelenic-ikona-vrhunska-kvaliteta.svg\" width=\"1\" height=\"1\" \/><\/div><\/div><div class=\"porto-sicon-header\"><h3 class=\"porto-sicon-title\" style=\"font-weight:700;font-size:14px;line-height:1;\">Proizvodi vrhunske kvalitete<\/h3><\/div> <!-- header --><\/div><!-- porto-sicon-box -->[\/vc_column][\/vc_row][vc_row full_width=&#8221;stretch_row&#8221; no_padding=&#8221;yes&#8221; content_placement=&#8221;middle&#8221; parallax=&#8221;content-moving&#8221; parallax_image=&#8221;2527&#8243; is_section=&#8221;yes&#8221; remove_border=&#8221;yes&#8221; el_class=&#8221;home-banner-slider&#8221; css=&#8221;.vc_custom_1630157217788{margin-top: -25px !important;}&#8221;][vc_column parallax=&#8221;content-moving-fade&#8221;][vc_row_inner wrap_container=&#8221;yes&#8221; gap=&#8221;10&#8243; content_placement=&#8221;middle&#8221;][vc_column_inner width=&#8221;1\/2&#8243;][vc_custom_heading text=&#8221;Okusi istarske tradicije&#8221; font_container=&#8221;tag:h4|font_size:40px|text_align:left|color:%23ffffff|line_height:48px&#8221; google_fonts=&#8221;font_family:Belgrano%3Aregular|font_style:400%20regular%3A400%3Anormal&#8221; font_weight=&#8221;500&#8243; el_class=&#8221;mb-3 ls-80&#8243;][vc_custom_heading text=&#8221;Osim istarskog pr\u0161uta tu su i brojni drugi suhomesnati proizvodi koji \u0107e odu\u0161eviti sva\u010dije nepce poput istarske kobasice, ombola, pancete. Raspon proizvoda kre\u0107e se od onih tradicionalnih pa do onih s malim odmakom kao \u0161to je pikantna kobasica Uganj ili ona s tartufima \u010diji su okus i aroma doista posebni.&#8221; font_container=&#8221;tag:h4|font_size:18px|text_align:left|color:%23ffffff|line_height:26px&#8221; google_fonts=&#8221;font_family:Open%20Sans%3A300%2C300italic%2Cregular%2Citalic%2C600%2C600italic%2C700%2C700italic%2C800%2C800italic|font_style:300%20light%20regular%3A300%3Anormal&#8221; font_weight=&#8221;300&#8243; letter_spacing=&#8221;0&#8243; el_class=&#8221;custom-font1 mb-2 ls-90&#8243;][vc_btn title=&#8221;SAZNAJ VI\u0160E&#8221; style=&#8221;modern&#8221; shape=&#8221;rounded&#8221; color=&#8221;default&#8221; size=&#8221;lg&#8221; align=&#8221;left&#8221; skin=&#8221;light&#8221; link=&#8221;url:%2Fnasi-proizvodi%2F&#8221;][\/vc_column_inner][vc_column_inner width=&#8221;1\/2&#8243;][vc_single_image image=&#8221;2603&#8243; img_size=&#8221;full&#8221; alignment=&#8221;center&#8221; style=&#8221;vc_box_outline_circle&#8221; border_color=&#8221;chino&#8221; css=&#8221;.vc_custom_1630271947467{padding-top: 20px !important;padding-right: 20px !important;padding-bottom: 20px !important;padding-left: 20px !important;}&#8221; animation_type=&#8221;fadeIn&#8221;][\/vc_column_inner][\/vc_row_inner][\/vc_column][\/vc_row][vc_row full_width=&#8221;stretch_row&#8221; wrap_container=&#8221;yes&#8221; content_placement=&#8221;middle&#8221; css=&#8221;.vc_custom_1623351346858{padding-top: 1.25rem !important;padding-bottom: 1.25rem !important;}&#8221; el_class=&#8221;header-top-ads&#8221;][vc_column width=&#8221;1\/6&#8243; animation_delay=&#8221;200&#8243; animation_type=&#8221;fadeIn&#8221;][\/vc_column][vc_column width=&#8221;4\/6&#8243;][vc_column_text]<\/p>\n<h2 style=\"text-align: center;\">NOVOSTI<\/h2>\n<p style=\"text-align: center;\">Ovdje mo\u017eete prona\u0107i sve novosti vezane za Pr\u0161utanu Jeleni\u0107, sve proizvode, od noviteta do osvojenih nagrada, prodajnih mjesta i njihova radnog vremena.<\/p>\n<p>[\/vc_column_text][\/vc_column][vc_column width=&#8221;1\/6&#8243;][\/vc_column][\/vc_row][vc_row full_width=&#8221;stretch_row&#8221; wrap_container=&#8221;yes&#8221;][vc_column]<div class=\"porto-blog wpb_content_element   wpb_custom_9c745ac33a8bb4820cfc6b89805915cc porto-blog-e0b603537120859819a60b8e18355fe8\">\t\t<div class=\"blog-posts posts-grid blog-posts-modern\">\r\n\t\t\t<div class=\"posts-container row\">\r\n\t\t<div class=\"col-sm-6 col-lg-3\">\r\n<article class=\"post post-modern hide-post-date post-3269 post type-post status-publish format-standard has-post-thumbnail hentry category-novosti tag-glas-istre tag-nagrade tag-oznaka-izvornosti\">\r\n\t<div class=\"post-image single\">\r\n\t\t<div class=\"post-slideshow porto-carousel owl-carousel has-ccols ccols-1  nav-inside nav-inside-center nav-style-2 show-nav-hover\" data-plugin-options='{\"nav\":true}'>\r\n\t\t\t\t\t\t\t\t\t\t\t<a href=\"https:\/\/istarskiprsut.hr\/en\/2022\/01\/12\/o-nasim-buducim-planovima\/\" aria-label=\"post image\">\r\n\t\t\t\t\t\t\t\t<div class=\"img-thumbnail\">\r\n\t\t\t\t\t\t<img decoding=\"async\" width=\"400\" height=\"300\" src=\"https:\/\/istarskiprsut.hr\/wp-content\/uploads\/2022\/01\/prsutana-jelenic-istarski-prsut-glas-istre-sijecanj-2022-400x300.jpg\" class=\"owl-lazy img-responsive\" alt=\"prsutana-jelenic-istarski-prsut-glas-istre-sijecanj-2022\" \/>\t\t\t\t\t\t\t\t\t\t\t\t\t<span class=\"zoom\" data-src=\"https:\/\/istarskiprsut.hr\/wp-content\/uploads\/2022\/01\/prsutana-jelenic-istarski-prsut-glas-istre-sijecanj-2022.jpg\" data-title=\"prsutana-jelenic-istarski-prsut-glas-istre-sijecanj-2022\"><i class=\"fas fa-search\"><\/i><\/span>\r\n\t\t\t\t\t\t\t\t\t\t\t<\/div>\r\n\t\t\t\t\t\t\t\t<\/a>\r\n\t\t\t\t\t\t\t\t<\/div>\r\n\t\t\r\n\t\t\t<\/div>\r\n\t\r\n\t\r\n\t<div class=\"post-content\">\r\n\r\n\t\t<h2 class=\"entry-title\"><a href=\"https:\/\/istarskiprsut.hr\/en\/2022\/01\/12\/o-nasim-buducim-planovima\/\">O na\u0161im budu\u0107im planovima&#8230;<\/a><\/h2>\r\n\t\t<span class=\"vcard\" style=\"display: none;\"><span class=\"fn\"><a href=\"https:\/\/istarskiprsut.hr\/en\/author\/lujelenic99gmail-com\/\" title=\"Posts by Lucija Jelenic\" rel=\"author\">Lucija Jelenic<\/a><\/span><\/span><span class=\"updated\" style=\"display:none\">2025-04-30T15:14:53+00:00<\/span><p class=\"post-excerpt\">Intervju o budu\u0107im planovima <a title=\"O nama\" href=\"https:\/\/istarskiprsut.hr\/o-nama\/\">na\u0161e pr\u0161utane<\/a> bio je dio novogodi\u0161njeg broja Glasa Istre. Preseljenje pogona u \u017dminj...<\/p>\t\t\t<\/div>\r\n\r\n\t<!-- Post meta after content -->\r\n\t<div class=\"post-meta\"><span class=\"meta-date\">Wednesday January 12th, 2022<\/span><span class=\"meta-author\"><a href=\"https:\/\/istarskiprsut.hr\/en\/author\/lujelenic99gmail-com\/\" title=\"Posts by Lucija Jelenic\" rel=\"author\">Lucija Jelenic<\/a><\/span><span class=\"meta-cats\"><a href=\"https:\/\/istarskiprsut.hr\/en\/category\/novosti\/\" rel=\"category tag\"><\/a><\/span><span class=\"meta-tags\"><a href=\"https:\/\/istarskiprsut.hr\/en\/tag\/glas-istre\/\" rel=\"tag\">Glas Istre<\/a>, <a href=\"https:\/\/istarskiprsut.hr\/en\/tag\/nagrade\/\" rel=\"tag\">Nagrade<\/a>, <a href=\"https:\/\/istarskiprsut.hr\/en\/tag\/oznaka-izvornosti\/\" rel=\"tag\">Oznaka Izvornosti<\/a><\/span><\/div>\r\n\t<div class=\"clearfix\">\r\n\t\t<a class=\"btn-readmore\" href=\"https:\/\/istarskiprsut.hr\/en\/2022\/01\/12\/o-nasim-buducim-planovima\/\">Read more +<\/a>\r\n\t<\/div>\r\n<\/article>\r\n<\/div><div class=\"col-sm-6 col-lg-3\">\r\n<article class=\"post post-modern hide-post-date post-1354 post type-post status-publish format-standard has-post-thumbnail hentry category-novosti tag-covid-salamijada tag-kosnica\">\r\n\t<div class=\"post-image single\">\r\n\t\t<div class=\"post-slideshow porto-carousel owl-carousel has-ccols ccols-1  nav-inside nav-inside-center nav-style-2 show-nav-hover\" data-plugin-options='{\"nav\":true}'>\r\n\t\t\t\t\t\t\t\t\t\t\t<a href=\"https:\/\/istarskiprsut.hr\/en\/2021\/04\/25\/covid-salamijada-2021-samobor-nagrade\/\" aria-label=\"post image\">\r\n\t\t\t\t\t\t\t\t<div class=\"img-thumbnail\">\r\n\t\t\t\t\t\t<img decoding=\"async\" width=\"400\" height=\"300\" src=\"https:\/\/istarskiprsut.hr\/wp-content\/uploads\/2018\/02\/prsutana-jelenic-covid-salumijada-2021-nagrade-400x300.jpg\" class=\"owl-lazy img-responsive\" alt=\"\" \/>\t\t\t\t\t\t\t\t\t\t\t\t\t<span class=\"zoom\" data-src=\"https:\/\/istarskiprsut.hr\/wp-content\/uploads\/2018\/02\/prsutana-jelenic-covid-salumijada-2021-nagrade.jpg\" data-title=\"\"><i class=\"fas fa-search\"><\/i><\/span>\r\n\t\t\t\t\t\t\t\t\t\t\t<\/div>\r\n\t\t\t\t\t\t\t\t<\/a>\r\n\t\t\t\t\t\t\t\t<\/div>\r\n\t\t\r\n\t\t\t<\/div>\r\n\t\r\n\t\r\n\t<div class=\"post-content\">\r\n\r\n\t\t<h2 class=\"entry-title\"><a href=\"https:\/\/istarskiprsut.hr\/en\/2021\/04\/25\/covid-salamijada-2021-samobor-nagrade\/\">Pr\u0161utana Jeleni\u0107 pokupila nagrade i u Samoboru<\/a><\/h2>\r\n\t\t<span class=\"vcard\" style=\"display: none;\"><span class=\"fn\"><a href=\"https:\/\/istarskiprsut.hr\/en\/author\/adminfavor\/\" title=\"Posts by adminfavor\" rel=\"author\">adminfavor<\/a><\/span><\/span><span class=\"updated\" style=\"display:none\">2021-10-01T18:27:13+00:00<\/span><p class=\"post-excerpt\">Lijepe vijesti u ova izazovna vremena!\r\n\u0160ampioni smo natjecanja Covid Salamijade 2021. u Samoboru, i dobitnici VELIKE ZLATNE \u0160AJBE u kategoriji...<\/p>\t\t\t<\/div>\r\n\r\n\t<!-- Post meta after content -->\r\n\t<div class=\"post-meta\"><span class=\"meta-date\">Sunday April 25th, 2021<\/span><span class=\"meta-author\"><a href=\"https:\/\/istarskiprsut.hr\/en\/author\/adminfavor\/\" title=\"Posts by adminfavor\" rel=\"author\">adminfavor<\/a><\/span><span class=\"meta-cats\"><a href=\"https:\/\/istarskiprsut.hr\/en\/category\/novosti\/\" rel=\"category tag\"><\/a><\/span><span class=\"meta-tags\"><a href=\"https:\/\/istarskiprsut.hr\/en\/tag\/covid-salamijada\/\" rel=\"tag\">Covid Salamijada<\/a>, <a href=\"https:\/\/istarskiprsut.hr\/en\/tag\/kosnica\/\" rel=\"tag\">Kosnica<\/a><\/span><span class=\"meta-comments\"><span>Comments Off<\/span><\/span><\/div>\r\n\t<div class=\"clearfix\">\r\n\t\t<a class=\"btn-readmore\" href=\"https:\/\/istarskiprsut.hr\/en\/2021\/04\/25\/covid-salamijada-2021-samobor-nagrade\/\">Read more +<\/a>\r\n\t<\/div>\r\n<\/article>\r\n<\/div><div class=\"col-sm-6 col-lg-3\">\r\n<article class=\"post post-modern hide-post-date post-1344 post type-post status-publish format-standard has-post-thumbnail hentry category-novosti tag-live-stream tag-youtube\">\r\n\t<div class=\"post-image single\">\r\n\t\t<div class=\"post-slideshow porto-carousel owl-carousel has-ccols ccols-1  nav-inside nav-inside-center nav-style-2 show-nav-hover\" data-plugin-options='{\"nav\":true}'>\r\n\t\t\t\t\t\t\t\t\t\t\t<a href=\"https:\/\/istarskiprsut.hr\/en\/2021\/04\/15\/live-stream-ozujak-2021\/\" aria-label=\"post image\">\r\n\t\t\t\t\t\t\t\t<div class=\"img-thumbnail\">\r\n\t\t\t\t\t\t<img decoding=\"async\" width=\"400\" height=\"300\" src=\"https:\/\/istarskiprsut.hr\/wp-content\/uploads\/2018\/02\/prsutana-jelenic-live-stream-paolo-luka-jelenic-400x300.jpg\" class=\"owl-lazy img-responsive\" alt=\"\" \/>\t\t\t\t\t\t\t\t\t\t\t\t\t<span class=\"zoom\" data-src=\"https:\/\/istarskiprsut.hr\/wp-content\/uploads\/2018\/02\/prsutana-jelenic-live-stream-paolo-luka-jelenic.jpg\" data-title=\"\"><i class=\"fas fa-search\"><\/i><\/span>\r\n\t\t\t\t\t\t\t\t\t\t\t<\/div>\r\n\t\t\t\t\t\t\t\t<\/a>\r\n\t\t\t\t\t\t\t\t<\/div>\r\n\t\t\r\n\t\t\t<\/div>\r\n\t\r\n\t\r\n\t<div class=\"post-content\">\r\n\r\n\t\t<h2 class=\"entry-title\"><a href=\"https:\/\/istarskiprsut.hr\/en\/2021\/04\/15\/live-stream-ozujak-2021\/\">Pr\u0161utana Jeleni\u0107 predstavlja svoje Live Stream emisije<\/a><\/h2>\r\n\t\t<span class=\"vcard\" style=\"display: none;\"><span class=\"fn\"><a href=\"https:\/\/istarskiprsut.hr\/en\/author\/adminfavor\/\" title=\"Posts by adminfavor\" rel=\"author\">adminfavor<\/a><\/span><\/span><span class=\"updated\" style=\"display:none\">2025-04-30T15:16:05+00:00<\/span><p class=\"post-excerpt\">Do what makes you happy.\r\nNovo iskustvo, nova aventura!\r\nHtjeli bi se zahvaliti cijelom timu na odli\u010dno odra\u0111enom poslu na epizodama live...<\/p>\t\t\t<\/div>\r\n\r\n\t<!-- Post meta after content -->\r\n\t<div class=\"post-meta\"><span class=\"meta-date\">Thursday April 15th, 2021<\/span><span class=\"meta-author\"><a href=\"https:\/\/istarskiprsut.hr\/en\/author\/adminfavor\/\" title=\"Posts by adminfavor\" rel=\"author\">adminfavor<\/a><\/span><span class=\"meta-cats\"><a href=\"https:\/\/istarskiprsut.hr\/en\/category\/novosti\/\" rel=\"category tag\"><\/a><\/span><span class=\"meta-tags\"><a href=\"https:\/\/istarskiprsut.hr\/en\/tag\/live-stream\/\" rel=\"tag\">Live Stream<\/a>, <a href=\"https:\/\/istarskiprsut.hr\/en\/tag\/youtube\/\" rel=\"tag\">YouTube<\/a><\/span><\/div>\r\n\t<div class=\"clearfix\">\r\n\t\t<a class=\"btn-readmore\" href=\"https:\/\/istarskiprsut.hr\/en\/2021\/04\/15\/live-stream-ozujak-2021\/\">Read more +<\/a>\r\n\t<\/div>\r\n<\/article>\r\n<\/div><div class=\"col-sm-6 col-lg-3\">\r\n<article class=\"post post-modern hide-post-date post-2791 post type-post status-publish format-standard has-post-thumbnail hentry category-uncategorized\">\r\n\t<div class=\"post-image single\">\r\n\t\t<div class=\"post-slideshow porto-carousel owl-carousel has-ccols ccols-1  nav-inside nav-inside-center nav-style-2 show-nav-hover\" data-plugin-options='{\"nav\":true}'>\r\n\t\t\t\t\t\t\t\t\t\t\t<a href=\"https:\/\/istarskiprsut.hr\/en\/2021\/02\/01\/paolo-jelenic-novi-je-predsjednik-udruge-proizvodaca-istarskog-prsuta\/\" aria-label=\"post image\">\r\n\t\t\t\t\t\t\t\t<div class=\"img-thumbnail\">\r\n\t\t\t\t\t\t<img decoding=\"async\" width=\"400\" height=\"300\" src=\"https:\/\/istarskiprsut.hr\/wp-content\/uploads\/2021\/02\/bookaleta-paolo-jelenic-predsjednik-udruge-prsutara-400x300.jpg\" class=\"owl-lazy img-responsive\" alt=\"\" \/>\t\t\t\t\t\t\t\t\t\t\t\t\t<span class=\"zoom\" data-src=\"https:\/\/istarskiprsut.hr\/wp-content\/uploads\/2021\/02\/bookaleta-paolo-jelenic-predsjednik-udruge-prsutara.jpg\" data-title=\"\"><i class=\"fas fa-search\"><\/i><\/span>\r\n\t\t\t\t\t\t\t\t\t\t\t<\/div>\r\n\t\t\t\t\t\t\t\t<\/a>\r\n\t\t\t\t\t\t\t\t<\/div>\r\n\t\t\r\n\t\t\t<\/div>\r\n\t\r\n\t\r\n\t<div class=\"post-content\">\r\n\r\n\t\t<h2 class=\"entry-title\"><a href=\"https:\/\/istarskiprsut.hr\/en\/2021\/02\/01\/paolo-jelenic-novi-je-predsjednik-udruge-proizvodaca-istarskog-prsuta\/\">Paolo Jeleni\u0107 novi je predsjednik udruge proizvo\u0111a\u010da istarskog pr\u0161uta<\/a><\/h2>\r\n\t\t<span class=\"vcard\" style=\"display: none;\"><span class=\"fn\"><a href=\"https:\/\/istarskiprsut.hr\/en\/author\/mpjapa\/\" title=\"Posts by mpjapa\" rel=\"author\">mpjapa<\/a><\/span><\/span><span class=\"updated\" style=\"display:none\">2021-10-01T18:47:01+00:00<\/span><p class=\"post-excerpt\">Paolo Jeleni\u0107 novi je predsjednik Udruge proizvo\u0111a\u010da istarskog pr\u0161uta i drugih tradicijskih proizvoda od svinjskog mesa, zamijeniv\u0161i na toj funkciji...<\/p>\t\t\t<\/div>\r\n\r\n\t<!-- Post meta after content -->\r\n\t<div class=\"post-meta\"><span class=\"meta-date\">Monday February  1st, 2021<\/span><span class=\"meta-author\"><a href=\"https:\/\/istarskiprsut.hr\/en\/author\/mpjapa\/\" title=\"Posts by mpjapa\" rel=\"author\">mpjapa<\/a><\/span><span class=\"meta-cats\"><a href=\"https:\/\/istarskiprsut.hr\/en\/category\/uncategorized\/\" rel=\"category tag\">Uncategorized<\/a><\/span><span class=\"meta-comments\"><span>Comments Off<\/span><\/span><\/div>\r\n\t<div class=\"clearfix\">\r\n\t\t<a class=\"btn-readmore\" href=\"https:\/\/istarskiprsut.hr\/en\/2021\/02\/01\/paolo-jelenic-novi-je-predsjednik-udruge-proizvodaca-istarskog-prsuta\/\">Read more +<\/a>\r\n\t<\/div>\r\n<\/article>\r\n<\/div>\r\n\t\r\n\t\t\t<\/div>\r\n\t\t<\/div>\r\n\r\n\t\r\n\t\r\n\t<\/div>[vc_btn title=&#8221;SVE NOVOSTI&#8221; style=&#8221;modern&#8221; shape=&#8221;rounded&#8221; color=&#8221;chino&#8221; size=&#8221;sm&#8221; align=&#8221;center&#8221; skin=&#8221;dark&#8221; btn_fw=&#8221;500&#8243; el_class=&#8221;mb-0 ls-120&#8243; link=&#8221;url:%2Fblog%2F&#8221;][vc_empty_space height=&#8221;40px&#8221;][\/vc_column][\/vc_row][vc_row no_padding=&#8221;yes&#8221; is_section=&#8221;yes&#8221; remove_margin_top=&#8221;yes&#8221; remove_margin_bottom=&#8221;yes&#8221; remove_padding_top=&#8221;yes&#8221; remove_padding_bottom=&#8221;yes&#8221; remove_border=&#8221;yes&#8221; el_class=&#8221;home-banner-slider&#8221;][vc_column]<div class=\"porto-carousel owl-carousel mb-0 porto-standable-carousel wpb_custom_c86c2fb53cae9eced42d4b8900a042f3 nav-pos-inside nav-style-2 show-nav-hover\" data-plugin-options=\"{&quot;themeConfig&quot;:true,&quot;stagePadding&quot;:0,&quot;margin&quot;:0,&quot;autoplay&quot;:false,&quot;mouseDrag&quot;:true,&quot;touchDrag&quot;:true,&quot;autoplayTimeout&quot;:5000,&quot;autoplayHoverPause&quot;:false,&quot;items&quot;:1,&quot;xl&quot;:1,&quot;lg&quot;:1,&quot;md&quot;:1,&quot;sm&quot;:1,&quot;xs&quot;:1,&quot;nav&quot;:&quot;yes&quot;,&quot;dots&quot;:false,&quot;animateIn&quot;:&quot;&quot;,&quot;animateOut&quot;:&quot;&quot;,&quot;loop&quot;:false,&quot;center&quot;:false,&quot;video&quot;:false,&quot;lazyLoad&quot;:&quot;yes&quot;,&quot;fullscreen&quot;:false}\"><div class=\"porto-ibanner interactive-banner-wrap-ee984d00962d67282db9e28fff19a6e9 vc_custom_1634212449173 has-parallax-bg\" style=\"background:#000000;min-height:800px;\" data-plugin-parallax data-plugin-options=\"{&quot;speed&quot;:&quot;1.5&quot;}\" data-image-src=\"https:\/\/istarskiprsut.hr\/wp-content\/uploads\/2021\/10\/istarski-prsut-prsutana-jelenic-header-home-nas-prsut-svi-prizvodi.jpg\"><img decoding=\"async\" alt=\"\" width=\"1920\" height=\"1280\" class=\"porto-ibanner-img\" src=\"https:\/\/istarskiprsut.hr\/wp-content\/uploads\/2021\/10\/istarski-prsut-prsutana-jelenic-header-home-nas-prsut-svi-prizvodi.jpg\" srcset=\"https:\/\/istarskiprsut.hr\/wp-content\/uploads\/2021\/10\/istarski-prsut-prsutana-jelenic-header-home-nas-prsut-svi-prizvodi.jpg 1920w, https:\/\/istarskiprsut.hr\/wp-content\/uploads\/2021\/10\/istarski-prsut-prsutana-jelenic-header-home-nas-prsut-svi-prizvodi-1536x1024.jpg 1536w\" sizes=\"(max-width: 1920px) 100vw, 1920px\"><div class=\"porto-ibanner-desc no-padding d-flex\"><div class=\"container\"><div class=\"porto-ibanner-container\"><div class=\"porto-ibanner-layer wpb_custom_2c5109c031829f9c54153ed0e6239ff6 banner-pos-57ef7464fc7cfe27e7ea8e8102a337ee\">[vc_row_inner css=&#8221;.vc_custom_1625071456923{margin-left: 30px !important;border-right-width: 30px !important;}&#8221;][vc_column_inner width=&#8221;1\/2&#8243;][vc_custom_heading text=&#8221;Because we love pr\u0161ut&#8221; font_container=&#8221;tag:h4|font_size:50|text_align:left|color:%23ffffff|line_height:1&#8243; google_fonts=&#8221;font_family:Belgrano%3Aregular|font_style:400%20regular%3A400%3Anormal&#8221; font_weight=&#8221;500&#8243; letter_spacing=&#8221;-2&#8243; el_class=&#8221;mb-3 ls-80&#8243;][vc_custom_heading text=&#8221;A family tradition brought to your table by Pr\u0161utana Jeleni\u0107.&#8221; font_container=&#8221;tag:h4|font_size:24px|text_align:left|color:%23ffffff|line_height:32px&#8221; google_fonts=&#8221;font_family:Open%20Sans%3A300%2C300italic%2Cregular%2Citalic%2C600%2C600italic%2C700%2C700italic%2C800%2C800italic|font_style:300%20light%20regular%3A300%3Anormal&#8221; letter_spacing=&#8221;0&#8243;][vc_btn title=&#8221;LEARN MORE&#8221; style=&#8221;modern&#8221; shape=&#8221;rounded&#8221; color=&#8221;chino&#8221; size=&#8221;lg&#8221; css=&#8221;.vc_custom_1636393455406{padding-top: 20px !important;padding-bottom: 20px !important;}&#8221; skin=&#8221;dark&#8221; el_class=&#8221;mb-0&#8243; link=&#8221;url:%2Fnas-prsut%2F|title:Na%C5%A1%20pr%C5%A1ut&#8221;][\/vc_column_inner][vc_column_inner width=&#8221;1\/2&#8243;][vc_single_image image=&#8221;1960&#8243; img_size=&#8221;full&#8221; alignment=&#8221;center&#8221; style=&#8221;vc_box_outline_circle&#8221; border_color=&#8221;chino&#8221;][\/vc_column_inner][\/vc_row_inner][vc_row_inner css=&#8221;.vc_custom_1625071287929{margin-left: 30px !important;padding-right: 30px !important;}&#8221;][vc_column_inner][\/vc_column_inner][\/vc_row_inner]<style>.banner-pos-57ef7464fc7cfe27e7ea8e8102a337ee {left:0%;right: unset;top: 50%;bottom: unset;transform: translateY(-50%);}<\/style><\/div><\/div><\/div><\/div><\/div><div class=\"porto-ibanner interactive-banner-wrap-ee984d00962d67282db9e28fff19a6e9 vc_custom_1630156933716 has-parallax-bg\" style=\"background:#000000;min-height:600px;\" data-plugin-parallax data-plugin-options=\"{&quot;speed&quot;:&quot;1.5&quot;}\" data-image-src=\"https:\/\/istarskiprsut.hr\/wp-content\/uploads\/2021\/08\/istarski-prsut-prsutana-jelenic-header-home-nasi-proizvodi.jpg\"><img decoding=\"async\" alt=\"\" width=\"1920\" height=\"1280\" class=\"porto-ibanner-img\" src=\"https:\/\/istarskiprsut.hr\/wp-content\/uploads\/2021\/08\/istarski-prsut-prsutana-jelenic-header-home-nasi-proizvodi.jpg\" srcset=\"https:\/\/istarskiprsut.hr\/wp-content\/uploads\/2021\/08\/istarski-prsut-prsutana-jelenic-header-home-nasi-proizvodi.jpg 1920w, https:\/\/istarskiprsut.hr\/wp-content\/uploads\/2021\/08\/istarski-prsut-prsutana-jelenic-header-home-nasi-proizvodi-1024x683.jpg 1024w, https:\/\/istarskiprsut.hr\/wp-content\/uploads\/2021\/08\/istarski-prsut-prsutana-jelenic-header-home-nasi-proizvodi-1536x1024.jpg 1536w\" sizes=\"(max-width: 1920px) 100vw, 1920px\"><div class=\"porto-ibanner-desc no-padding d-flex\"><div class=\"container\"><div class=\"porto-ibanner-container\"><div class=\"porto-ibanner-layer wpb_custom_2c5109c031829f9c54153ed0e6239ff6 banner-pos-57ef7464fc7cfe27e7ea8e8102a337ee\">[vc_row_inner css=&#8221;.vc_custom_1625071456923{margin-left: 30px !important;border-right-width: 30px !important;}&#8221;][vc_column_inner width=&#8221;1\/2&#8243;][vc_custom_heading text=&#8221;Flavours of Istria&#8221; font_container=&#8221;tag:h4|font_size:50|text_align:left|color:%23ffffff|line_height:1&#8243; google_fonts=&#8221;font_family:Belgrano%3Aregular|font_style:400%20regular%3A400%3Anormal&#8221; font_weight=&#8221;500&#8243; letter_spacing=&#8221;-2&#8243; el_class=&#8221;mb-3 ls-80&#8243;][vc_custom_heading text=&#8221;Our products cater to all tastes.&#8221; font_container=&#8221;tag:h4|font_size:24px|text_align:left|color:%23ffffff|line_height:32px&#8221; google_fonts=&#8221;font_family:Open%20Sans%3A300%2C300italic%2Cregular%2Citalic%2C600%2C600italic%2C700%2C700italic%2C800%2C800italic|font_style:300%20light%20regular%3A300%3Anormal&#8221; letter_spacing=&#8221;0&#8243;][vc_btn title=&#8221;LEARN MORE&#8221; style=&#8221;modern&#8221; shape=&#8221;rounded&#8221; color=&#8221;chino&#8221; size=&#8221;lg&#8221; css=&#8221;.vc_custom_1636393464206{padding-top: 20px !important;padding-bottom: 20px !important;}&#8221; skin=&#8221;dark&#8221; el_class=&#8221;mb-0&#8243; link=&#8221;url:%2Fnasi-proizvodi%2F&#8221;][\/vc_column_inner][vc_column_inner width=&#8221;1\/2&#8243;][vc_single_image image=&#8221;2607&#8243; img_size=&#8221;full&#8221; alignment=&#8221;center&#8221; style=&#8221;vc_box_outline_circle&#8221; border_color=&#8221;chino&#8221;][\/vc_column_inner][\/vc_row_inner][vc_row_inner css=&#8221;.vc_custom_1625071287929{margin-left: 30px !important;padding-right: 30px !important;}&#8221;][vc_column_inner][\/vc_column_inner][\/vc_row_inner]<style>.banner-pos-57ef7464fc7cfe27e7ea8e8102a337ee {left:0%;right: unset;top: 50%;bottom: unset;transform: translateY(-50%);}<\/style><\/div><\/div><\/div><\/div><\/div><div class=\"porto-ibanner interactive-banner-wrap-ee984d00962d67282db9e28fff19a6e9 vc_custom_1632236356325 has-parallax-bg\" style=\"background:#000000;min-height:600px;\" data-plugin-parallax data-plugin-options=\"{&quot;speed&quot;:&quot;1.5&quot;}\" data-image-src=\"https:\/\/istarskiprsut.hr\/wp-content\/uploads\/2021\/09\/istarski-prsut-prsutana-jelenic-header-slider-gdje-kupiti-prsutana.jpg\"><img decoding=\"async\" alt=\"\" width=\"1920\" height=\"1280\" class=\"porto-ibanner-img\" src=\"https:\/\/istarskiprsut.hr\/wp-content\/uploads\/2021\/09\/istarski-prsut-prsutana-jelenic-header-slider-gdje-kupiti-prsutana.jpg\" srcset=\"https:\/\/istarskiprsut.hr\/wp-content\/uploads\/2021\/09\/istarski-prsut-prsutana-jelenic-header-slider-gdje-kupiti-prsutana.jpg 1920w, https:\/\/istarskiprsut.hr\/wp-content\/uploads\/2021\/09\/istarski-prsut-prsutana-jelenic-header-slider-gdje-kupiti-prsutana-1024x683.jpg 1024w, https:\/\/istarskiprsut.hr\/wp-content\/uploads\/2021\/09\/istarski-prsut-prsutana-jelenic-header-slider-gdje-kupiti-prsutana-1536x1024.jpg 1536w\" sizes=\"(max-width: 1920px) 100vw, 1920px\"><div class=\"porto-ibanner-desc no-padding d-flex\"><div class=\"container\"><div class=\"porto-ibanner-container\"><div class=\"porto-ibanner-layer wpb_custom_2c5109c031829f9c54153ed0e6239ff6 banner-pos-57ef7464fc7cfe27e7ea8e8102a337ee\">[vc_row_inner css=&#8221;.vc_custom_1625071456923{margin-left: 30px !important;border-right-width: 30px !important;}&#8221;][vc_column_inner width=&#8221;1\/2&#8243; css=&#8221;.vc_custom_1625071610805{padding-right: 30px !important;}&#8221;][vc_custom_heading text=&#8221;Where to find us?&#8221; font_container=&#8221;tag:h4|font_size:50|text_align:left|color:%23ffffff|line_height:1&#8243; google_fonts=&#8221;font_family:Belgrano%3Aregular|font_style:400%20regular%3A400%3Anormal&#8221; font_weight=&#8221;500&#8243; letter_spacing=&#8221;-2&#8243; el_class=&#8221;mb-3 ls-80&#8243;][vc_custom_heading text=&#8221;View the list of all our retail shops.&#8221; font_container=&#8221;tag:h4|font_size:24px|text_align:left|color:%23ffffff|line_height:32px&#8221; google_fonts=&#8221;font_family:Open%20Sans%3A300%2C300italic%2Cregular%2Citalic%2C600%2C600italic%2C700%2C700italic%2C800%2C800italic|font_style:300%20light%20regular%3A300%3Anormal&#8221; letter_spacing=&#8221;0&#8243;][vc_btn title=&#8221;LEARN MORE&#8221; style=&#8221;modern&#8221; shape=&#8221;rounded&#8221; color=&#8221;chino&#8221; size=&#8221;lg&#8221; css=&#8221;.vc_custom_1636393471902{padding-top: 20px !important;padding-bottom: 20px !important;}&#8221; skin=&#8221;dark&#8221; el_class=&#8221;mb-0&#8243; link=&#8221;url:%2Fgdje-kupiti%2F&#8221;][\/vc_column_inner][vc_column_inner width=&#8221;1\/2&#8243;][vc_single_image image=&#8221;2537&#8243; img_size=&#8221;full&#8221; alignment=&#8221;center&#8221; style=&#8221;vc_box_outline_circle&#8221; border_color=&#8221;chino&#8221;][\/vc_column_inner][\/vc_row_inner][vc_row_inner css=&#8221;.vc_custom_1625071287929{margin-left: 30px !important;padding-right: 30px !important;}&#8221;][vc_column_inner][\/vc_column_inner][\/vc_row_inner]<style>.banner-pos-57ef7464fc7cfe27e7ea8e8102a337ee {left:0%;right: unset;top: 50%;bottom: unset;transform: translateY(-50%);}<\/style><\/div><\/div><\/div><\/div><\/div><div class=\"porto-ibanner interactive-banner-wrap-ee984d00962d67282db9e28fff19a6e9 vc_custom_1630157245296 has-parallax-bg\" style=\"background:#000000;min-height:600px;\" data-plugin-parallax data-plugin-options=\"{&quot;speed&quot;:&quot;1.5&quot;}\" data-image-src=\"https:\/\/istarskiprsut.hr\/wp-content\/uploads\/2021\/08\/istarski-prsut-prsutana-jelenic-header-home-nas-prsut.jpg\"><img decoding=\"async\" alt=\"\" width=\"1920\" height=\"1280\" class=\"porto-ibanner-img\" src=\"https:\/\/istarskiprsut.hr\/wp-content\/uploads\/2021\/08\/istarski-prsut-prsutana-jelenic-header-home-nas-prsut.jpg\" srcset=\"https:\/\/istarskiprsut.hr\/wp-content\/uploads\/2021\/08\/istarski-prsut-prsutana-jelenic-header-home-nas-prsut.jpg 1920w, https:\/\/istarskiprsut.hr\/wp-content\/uploads\/2021\/08\/istarski-prsut-prsutana-jelenic-header-home-nas-prsut-1024x683.jpg 1024w, https:\/\/istarskiprsut.hr\/wp-content\/uploads\/2021\/08\/istarski-prsut-prsutana-jelenic-header-home-nas-prsut-1536x1024.jpg 1536w\" sizes=\"(max-width: 1920px) 100vw, 1920px\"><div class=\"porto-ibanner-desc no-padding d-flex\"><div class=\"container\"><div class=\"porto-ibanner-container\"><div class=\"porto-ibanner-layer wpb_custom_2c5109c031829f9c54153ed0e6239ff6 banner-pos-57ef7464fc7cfe27e7ea8e8102a337ee\">[vc_row_inner css=&#8221;.vc_custom_1625071456923{margin-left: 30px !important;border-right-width: 30px !important;}&#8221;][vc_column_inner width=&#8221;1\/2&#8243; css=&#8221;.vc_custom_1625071610805{padding-right: 30px !important;}&#8221;][vc_custom_heading text=&#8221;Designation of origin&#8221; font_container=&#8221;tag:h4|font_size:50|text_align:left|color:%23ffffff|line_height:1&#8243; google_fonts=&#8221;font_family:Belgrano%3Aregular|font_style:400%20regular%3A400%3Anormal&#8221; font_weight=&#8221;500&#8243; letter_spacing=&#8221;-2&#8243; el_class=&#8221;mb-3 ls-80&#8243;][vc_custom_heading text=&#8221;The Istrian prosciutto is Croatian autochthonous product protected by the designation of origin at the EU level, in compliance with EU standards.&#8221; font_container=&#8221;tag:h4|font_size:24px|text_align:left|color:%23ffffff|line_height:32px&#8221; google_fonts=&#8221;font_family:Open%20Sans%3A300%2C300italic%2Cregular%2Citalic%2C600%2C600italic%2C700%2C700italic%2C800%2C800italic|font_style:300%20light%20regular%3A300%3Anormal&#8221; letter_spacing=&#8221;0&#8243;][vc_btn title=&#8221;LEARN MORE&#8221; style=&#8221;modern&#8221; shape=&#8221;rounded&#8221; color=&#8221;chino&#8221; size=&#8221;lg&#8221; css=&#8221;.vc_custom_1636393482507{padding-top: 20px !important;padding-bottom: 20px !important;}&#8221; skin=&#8221;dark&#8221; el_class=&#8221;mb-0&#8243; link=&#8221;url:%2Fnas-prsut%2F&#8221;][\/vc_column_inner][vc_column_inner width=&#8221;1\/2&#8243;][vc_single_image image=&#8221;2714&#8243; img_size=&#8221;full&#8221; alignment=&#8221;center&#8221; style=&#8221;vc_box_outline_circle&#8221; border_color=&#8221;chino&#8221;][\/vc_column_inner][\/vc_row_inner][vc_row_inner css=&#8221;.vc_custom_1625071287929{margin-left: 30px !important;padding-right: 30px !important;}&#8221;][vc_column_inner][\/vc_column_inner][\/vc_row_inner]<style>.banner-pos-57ef7464fc7cfe27e7ea8e8102a337ee {left:0%;right: unset;top: 50%;bottom: unset;transform: translateY(-50%);}<\/style><\/div><\/div><\/div><\/div><\/div><\/div>[\/vc_column][\/vc_row][vc_row full_width=&#8221;stretch_row&#8221; wrap_container=&#8221;yes&#8221; no_padding=&#8221;yes&#8221; equal_height=&#8221;yes&#8221; content_placement=&#8221;middle&#8221; css=&#8221;.vc_custom_1628512636228{padding-top: 1.25em !important;background-color: #b18b35 !important;}&#8221; el_class=&#8221;header-top-ads&#8221;][vc_column width=&#8221;3\/5&#8243; animation_delay=&#8221;500&#8243; animation_type=&#8221;fadeIn&#8221;][vc_column_text css=&#8221;.vc_custom_1632641681465{padding-top: 1.2em !important;}&#8221;]<\/p>\n<p style=\"text-align: left;\"><span style=\"color: #ffffff; font-size: 18px;\"><strong>All Pr\u0161utana Jeleni\u0107 products are available for purchase in our online store.<\/strong><\/span><\/p>\n<p>[\/vc_column_text][\/vc_column][vc_column width=&#8221;2\/5&#8243;][vc_btn title=&#8221;BUY NOW!&#8221; style=&#8221;modern&#8221; shape=&#8221;rounded&#8221; color=&#8221;white&#8221; size=&#8221;lg&#8221; align=&#8221;left&#8221; skin=&#8221;light&#8221; link=&#8221;url:%2Fshop%2F&#8221;][\/vc_column][\/vc_row][vc_row full_width=&#8221;stretch_row&#8221; wrap_container=&#8221;yes&#8221; content_placement=&#8221;middle&#8221; css=&#8221;.vc_custom_1630490703544{padding-top: 40px !important;}&#8221; el_class=&#8221;header-top-ads&#8221;][vc_column width=&#8221;1\/2&#8243; animation_delay=&#8221;200&#8243; animation_type=&#8221;fadeIn&#8221;][vc_custom_heading text=&#8221;A long-term family tradition on your table&#8221; font_container=&#8221;tag:h2|font_size:40px|text_align:left|line_height:48px&#8221; google_fonts=&#8221;font_family:Belgrano%3Aregular|font_style:400%20regular%3A400%3Anormal&#8221; font_weight=&#8221;500&#8243; el_class=&#8221;mb-3 ls-80&#8243;][vc_custom_heading text=&#8221;Located in the very heart of the green Istrian peninsula is Sv. Petar u \u0160umi, a place that provides the perfect conditions for making pr\u0161ut what it has been for centuries in Istria and it was exactly here that Pr\u0161utana Jeleni\u0107 was established in 1999 as one of the first registered factories that produces Istrian pr\u0161ut as an indigenous product.&#8221; font_container=&#8221;tag:h4|font_size:18px|text_align:left|line_height:26px&#8221; google_fonts=&#8221;font_family:Open%20Sans%3A300%2C300italic%2Cregular%2Citalic%2C600%2C600italic%2C700%2C700italic%2C800%2C800italic|font_style:300%20light%20regular%3A300%3Anormal&#8221; font_weight=&#8221;300&#8243; letter_spacing=&#8221;0&#8243; el_class=&#8221;custom-font1 mb-2 ls-90&#8243;][vc_btn title=&#8221;LEARN MORE&#8221; style=&#8221;modern&#8221; shape=&#8221;rounded&#8221; color=&#8221;chino&#8221; size=&#8221;sm&#8221; align=&#8221;left&#8221; skin=&#8221;dark&#8221; btn_fw=&#8221;500&#8243; el_class=&#8221;mb-0 ls-120&#8243; link=&#8221;url:%2Fo-nama%2F&#8221;][\/vc_column][vc_column width=&#8221;1\/2&#8243; css=&#8221;.vc_custom_1630490691631{padding-top: 20px !important;}&#8221;][vc_single_image image=&#8221;2569&#8243; img_size=&#8221;full&#8221; style=&#8221;vc_box_outline_circle_2&#8243; border_color=&#8221;chino&#8221;][\/vc_column][\/vc_row][vc_row][vc_column][vc_empty_space height=&#8221;40px&#8221;][\/vc_column][\/vc_row][vc_row full_width=&#8221;stretch_row&#8221; no_padding=&#8221;yes&#8221; content_placement=&#8221;middle&#8221; parallax=&#8221;content-moving&#8221; parallax_image=&#8221;2107&#8243; is_section=&#8221;yes&#8221; remove_border=&#8221;yes&#8221; el_class=&#8221;home-banner-slider&#8221;][vc_column parallax=&#8221;content-moving-fade&#8221;][vc_row_inner wrap_container=&#8221;yes&#8221; gap=&#8221;10&#8243; content_placement=&#8221;middle&#8221;][vc_column_inner width=&#8221;1\/2&#8243;][vc_single_image image=&#8221;2579&#8243; img_size=&#8221;full&#8221; alignment=&#8221;center&#8221; style=&#8221;vc_box_outline_circle&#8221; border_color=&#8221;chino&#8221; css=&#8221;.vc_custom_1630271916008{padding-top: 20px !important;padding-right: 20px !important;padding-bottom: 20px !important;padding-left: 20px !important;}&#8221; animation_type=&#8221;fadeIn&#8221;][\/vc_column_inner][vc_column_inner width=&#8221;1\/2&#8243;][vc_custom_heading text=&#8221;Istrian pr\u0161ut&#8221; font_container=&#8221;tag:h4|font_size:40px|text_align:left|color:%23ffffff|line_height:48px&#8221; google_fonts=&#8221;font_family:Belgrano%3Aregular|font_style:400%20regular%3A400%3Anormal&#8221; font_weight=&#8221;500&#8243; el_class=&#8221;mb-3 ls-80&#8243;][vc_custom_heading text=&#8221;The star of Pr\u0161utana Jeleni\u0107 is the multi-award-winning Istrian pr\u0161ut, whose status is confirmed by a number of national and international awards. The violin-shaped Jeleni\u0107 Istrian pr\u0161ut is derived from carefully selected heavy pig breeds, seasoned with traditional condiments and dried by taking the most advantage of the microclimatic conditions of our region.&#8221; font_container=&#8221;tag:h4|font_size:18px|text_align:left|color:%23ffffff|line_height:26px&#8221; google_fonts=&#8221;font_family:Open%20Sans%3A300%2C300italic%2Cregular%2Citalic%2C600%2C600italic%2C700%2C700italic%2C800%2C800italic|font_style:300%20light%20regular%3A300%3Anormal&#8221; font_weight=&#8221;300&#8243; letter_spacing=&#8221;0&#8243; el_class=&#8221;custom-font1 mb-2 ls-90&#8243;][vc_btn title=&#8221;BUY&#8221; style=&#8221;modern&#8221; shape=&#8221;rounded&#8221; color=&#8221;default&#8221; size=&#8221;lg&#8221; align=&#8221;left&#8221; skin=&#8221;light&#8221; link=&#8221;url:%2Fshop%2F&#8221;][\/vc_column_inner][\/vc_row_inner][\/vc_column][\/vc_row][vc_row][vc_column width=&#8221;1\/6&#8243;][\/vc_column][vc_column width=&#8221;4\/6&#8243;][vc_column_text]<\/p>\n<h2 style=\"text-align: center;\">Our products<\/h2>\n<p style=\"text-align: center;\">All Pr\u0161utana Jeleni\u0107 products are available for purchase in our online store, the facility in Sv. Petar u \u0160umi and retail shops at the farmers\u2019 market in Pula or other specialised delicatessens.<\/p>\n<p>[\/vc_column_text][\/vc_column][vc_column width=&#8221;1\/6&#8243;][\/vc_column][\/vc_row][vc_row wrap_container=&#8221;yes&#8221; el_class=&#8221;overflow-hidden&#8221;][vc_column]<div id=\"porto-products-9e0c4dee1f2f2fd12506a77038e0d92c\" class=\"porto-products wpb_content_element theme_option wpb_custom_aeb2ba7df7a27d76048c02dc3283b7c5\"><div class=\"woocommerce columns-4 \"><ul class=\"products products-container grid show-nav-middle has-ccols has-ccols-spacing ccols-xl-4 ccols-lg-3 ccols-md-3 ccols-sm-3 ccols-2 pwidth-lg-4 pwidth-md-3 pwidth-xs-2 pwidth-ls-1 is-shortcode\"\r\n\t data-product_layout=\"product-wq_onimage\" role=\"none\">\r\n\r\n<li role=\"none\" class=\"product-col product-wq_onimage product type-product post-2776 status-publish first instock product_cat-jelenic product_cat-prsut has-post-thumbnail featured taxable shipping-taxable purchasable product-type-simple\">\r\n<div class=\"product-inner\">\r\n\t\r\n\t<div class=\"product-image\">\r\n\r\n\t\t<a  href=\"https:\/\/istarskiprsut.hr\/en\/product\/istarski-prsut-jelenic\/\" aria-label=\"Go to product page\">\r\n\t\t\t<div class=\"labels\"><div class=\"onhot\">Hot<\/div><\/div><div class=\"inner img-effect\"><img decoding=\"async\" width=\"300\" height=\"300\" src=\"https:\/\/istarskiprsut.hr\/wp-content\/uploads\/2021\/08\/prsutana-jelenic-nas-prsut-luka-rezanje-prsuta-300x300.jpg\" class=\"attachment-woocommerce_thumbnail size-woocommerce_thumbnail\" alt=\"PR\u0160UT JELENI\u0106\" \/><img decoding=\"async\" width=\"300\" height=\"300\" src=\"https:\/\/istarskiprsut.hr\/wp-content\/uploads\/2021\/09\/istarski-prsut-prsutana-jelenic-prsut-stalak-rezani-300x300.jpg\" class=\"hover-image\" alt=\"\" \/><\/div>\t\t<\/a>\r\n\t\t\t<div class=\"links-on-image\">\r\n\t\t\t<div class=\"add-links-wrap\">\r\n\t<div class=\"add-links no-effect clearfix\">\r\n\t\t\t<div class=\"quantity buttons_added simple-type\">\r\n\t\t\t\t<button type=\"button\" value=\"-\" class=\"minus\">-<\/button>\r\n\t\t<input\r\n\t\t\ttype=\"number\"\r\n\t\t\tid=\"quantity_69f54f20d09d2\"\r\n\t\t\tclass=\"input-text qty text\"\r\n\t\t\tstep=\"1\"\r\n\t\t\tmin=\"1\"\r\n\t\t\t\t\t\tname=\"quantity\"\r\n\t\t\tvalue=\"1\"\r\n\t\t\taria-label=\"Product quantity\"\r\n\t\t\t\t\tplaceholder=\"\"\t\t\tinputmode=\"numeric\" \/>\r\n\t\t<button type=\"button\" value=\"+\" class=\"plus\">+<\/button>\r\n\t\t\t<\/div>\r\n\t\t\t<span id=\"woocommerce_loop_add_to_cart_link_describedby_2776\" class=\"screen-reader-text\">\r\n\t\t\t<\/span>\r\n\t\t\t<\/div>\r\n\t<\/div>\r\n\t\t<\/div>\r\n\t\t\t<\/div>\r\n\r\n\t<div class=\"product-content\">\r\n\t\t\r\n\t\t\t<a class=\"product-loop-title\"  href=\"https:\/\/istarskiprsut.hr\/en\/product\/istarski-prsut-jelenic\/\">\r\n\t<h3 class=\"woocommerce-loop-product__title\">PR\u0160UT JELENI\u0106<\/h3>\t<\/a>\r\n\t\r\n\t\t\n\r\n\t\t<div class=\"add-links-wrap\">\r\n\t<div class=\"add-links no-effect clearfix\">\r\n\t\t\t<div class=\"quantity buttons_added simple-type\">\r\n\t\t\t\t<button type=\"button\" value=\"-\" class=\"minus\">-<\/button>\r\n\t\t<input\r\n\t\t\ttype=\"number\"\r\n\t\t\tid=\"quantity_69f54f20d41cd\"\r\n\t\t\tclass=\"input-text qty text\"\r\n\t\t\tstep=\"1\"\r\n\t\t\tmin=\"1\"\r\n\t\t\t\t\t\tname=\"quantity\"\r\n\t\t\tvalue=\"1\"\r\n\t\t\taria-label=\"Product quantity\"\r\n\t\t\t\t\tplaceholder=\"\"\t\t\tinputmode=\"numeric\" \/>\r\n\t\t<button type=\"button\" value=\"+\" class=\"plus\">+<\/button>\r\n\t\t\t<\/div>\r\n\t\t\t<span id=\"woocommerce_loop_add_to_cart_link_describedby_2776\" class=\"screen-reader-text\">\r\n\t\t\t<\/span>\r\n\t\t\t<\/div>\r\n\t<\/div>\r\n            \n            \n            \n\n                \n                    <div>\n\n<div style=\"clear:both\">\n<form  style=\"display: block;\" class=\"woo_rfq_after_shop_loop_button\"\n      data-rfq-product-id='2776'\n      action='\/en\/wp-json\/wp\/v2\/pages\/143?add-to-cart=2776' method='post'>\n                        <input type=\"hidden\" id=\"_wpnonce\" name=\"_wpnonce\" value=\"fe8a078ca0\" \/><input type=\"hidden\" name=\"_wp_http_referer\" value=\"\/en\/wp-json\/wp\/v2\/pages\/143\" \/>                        <input type='hidden' value='2776' name='rfq_id' id='rfq_id'\/>\n                        <input type='hidden' value='simple' name='rfq_var' id='rfq_var'\/>\n                        <input class='variation_id' type='hidden' id='rfq_variation_id' name='rfq_variation_id'\/>\n                      <input type='hidden' value='simple' name='product_type' id='product_type'\/>\n                        <input type='hidden' value='2776' name='rfq_product_id'\n                               id='rfq_product_id'\/>\n                                              <input type='submit'  name='submit' value='Zatra\u017ei Ponudu' id='rfq_button_2776'\n                              class='button rfq_button'\n                       style=\"\"\n                       onmouseover=\";\"\n                       onmouseout=\";\"\/>\n                                               <div style=\"display:none !important;max-width:20px !important; text-align: center !important;margin-left: auto !important;margin-right:auto  !important\" id='image_2776'>\n                            <image style=\"max-width:10px !important\"  src=\"https:\/\/istarskiprsut.hr\/wp-content\/plugins\/woo-rfq-for-woocommerce\/\/gpls_assets\/img\/select2-spinner.gif\"><\/image><\/div>\n                        <div id='note_2776'><\/div>\n\n\n\n<\/form>\n<\/div>\n<\/div>\n\n                \n            \n\n        \n            \t<\/div>\r\n<\/div>\r\n\r\n<\/li>\r\n\r\n<li role=\"none\" class=\"product-col product-wq_onimage product type-product post-2255 status-publish instock product_cat-jelenic has-post-thumbnail featured taxable shipping-taxable purchasable product-type-variable has-default-attributes\">\r\n<div class=\"product-inner\">\r\n\t\r\n\t<div class=\"product-image\">\r\n\r\n\t\t<a  href=\"https:\/\/istarskiprsut.hr\/en\/product\/istarski-ombolo\/\" aria-label=\"Go to product page\">\r\n\t\t\t<div class=\"labels\"><div class=\"onhot\">Hot<\/div><\/div><div class=\"inner img-effect\"><img decoding=\"async\" width=\"300\" height=\"300\" src=\"https:\/\/istarskiprsut.hr\/wp-content\/uploads\/2021\/07\/prsutana-jelenic-proizvodi-istarski-ombolo-01-300x300.jpg\" class=\"attachment-woocommerce_thumbnail size-woocommerce_thumbnail\" alt=\"ISTRIAN OMBOLO\" \/><img decoding=\"async\" width=\"300\" height=\"300\" src=\"https:\/\/istarskiprsut.hr\/wp-content\/uploads\/2021\/07\/prsutana-jelenic-proizvodi-ombolo-studeni-2022-300x300.jpg\" class=\"hover-image\" alt=\"\" \/><\/div>\t\t<\/a>\r\n\t\t\t<div class=\"links-on-image\">\r\n\t\t\t<div class=\"add-links-wrap\">\r\n\t<div class=\"add-links no-effect clearfix\">\r\n\t\t<a href=\"https:\/\/istarskiprsut.hr\/en\/product\/istarski-ombolo\/\" aria-describedby=\"woocommerce_loop_add_to_cart_link_describedby_2255\" data-quantity=\"1\" class=\"viewcart-style-2 button product_type_variable add_to_cart_button\" data-product_id=\"2255\" data-product_sku=\"8\" aria-label=\"Select options for &ldquo;ISTRIAN OMBOLO&rdquo;\" rel=\"nofollow\">Select options<\/a>\t\t<span id=\"woocommerce_loop_add_to_cart_link_describedby_2255\" class=\"screen-reader-text\">\r\n\t\tThis product has multiple variants. The options may be chosen on the product page\t<\/span>\r\n\t\t\t<\/div>\r\n\t<\/div>\r\n\t\t<\/div>\r\n\t\t\t<\/div>\r\n\r\n\t<div class=\"product-content\">\r\n\t\t\r\n\t\t\t<a class=\"product-loop-title\"  href=\"https:\/\/istarskiprsut.hr\/en\/product\/istarski-ombolo\/\">\r\n\t<h3 class=\"woocommerce-loop-product__title\">ISTRIAN OMBOLO<\/h3>\t<\/a>\r\n\t\r\n\t\t\n\t<span class=\"price\"><span class=\"woocommerce-Price-amount amount\"><bdi>13,00&nbsp;<span class=\"woocommerce-Price-currencySymbol\">&euro;<\/span><\/bdi><\/span><\/span>\n\r\n\t\t<div class=\"add-links-wrap\">\r\n\t<div class=\"add-links no-effect clearfix\">\r\n\t\t<a href=\"https:\/\/istarskiprsut.hr\/en\/product\/istarski-ombolo\/\" aria-describedby=\"woocommerce_loop_add_to_cart_link_describedby_2255\" data-quantity=\"1\" class=\"viewcart-style-2 button product_type_variable add_to_cart_button\" data-product_id=\"2255\" data-product_sku=\"8\" aria-label=\"Select options for &ldquo;ISTRIAN OMBOLO&rdquo;\" rel=\"nofollow\">Select options<\/a>\t\t<span id=\"woocommerce_loop_add_to_cart_link_describedby_2255\" class=\"screen-reader-text\">\r\n\t\tThis product has multiple variants. The options may be chosen on the product page\t<\/span>\r\n\t\t\t<\/div>\r\n\t<\/div>\r\n\n                \n                            \n            \t<\/div>\r\n<\/div>\r\n\r\n<\/li>\r\n\r\n<li role=\"none\" class=\"product-col product-wq_onimage product type-product post-2254 status-publish instock product_cat-jelenic has-post-thumbnail featured taxable shipping-taxable purchasable product-type-variable has-default-attributes\">\r\n<div class=\"product-inner\">\r\n\t\r\n\t<div class=\"product-image\">\r\n\r\n\t\t<a  href=\"https:\/\/istarskiprsut.hr\/en\/product\/istarska-kosnica\/\" aria-label=\"Go to product page\">\r\n\t\t\t<div class=\"labels\"><div class=\"onhot\">Hot<\/div><\/div><div class=\"inner img-effect\"><img decoding=\"async\" width=\"300\" height=\"300\" src=\"https:\/\/istarskiprsut.hr\/wp-content\/uploads\/2021\/07\/prsutana-jelenic-proizvodi-domaca-kosnica-02-300x300.jpg\" class=\"attachment-woocommerce_thumbnail size-woocommerce_thumbnail\" alt=\"ISTRIAN KOSNICA\" \/><img decoding=\"async\" width=\"300\" height=\"300\" src=\"https:\/\/istarskiprsut.hr\/wp-content\/uploads\/2021\/07\/prsutana-jelenic-proizvodi-domaca-kosnica-01-300x300.jpg\" class=\"hover-image\" alt=\"\" \/><\/div>\t\t<\/a>\r\n\t\t\t<div class=\"links-on-image\">\r\n\t\t\t<div class=\"add-links-wrap\">\r\n\t<div class=\"add-links no-effect clearfix\">\r\n\t\t<a href=\"https:\/\/istarskiprsut.hr\/en\/product\/istarska-kosnica\/\" aria-describedby=\"woocommerce_loop_add_to_cart_link_describedby_2254\" data-quantity=\"1\" class=\"viewcart-style-2 button product_type_variable add_to_cart_button\" data-product_id=\"2254\" data-product_sku=\"89\" aria-label=\"Select options for &ldquo;ISTRIAN KOSNICA&rdquo;\" rel=\"nofollow\">Select options<\/a>\t\t<span id=\"woocommerce_loop_add_to_cart_link_describedby_2254\" class=\"screen-reader-text\">\r\n\t\tThis product has multiple variants. The options may be chosen on the product page\t<\/span>\r\n\t\t\t<\/div>\r\n\t<\/div>\r\n\t\t<\/div>\r\n\t\t\t<\/div>\r\n\r\n\t<div class=\"product-content\">\r\n\t\t\r\n\t\t\t<a class=\"product-loop-title\"  href=\"https:\/\/istarskiprsut.hr\/en\/product\/istarska-kosnica\/\">\r\n\t<h3 class=\"woocommerce-loop-product__title\">ISTRIAN KOSNICA<\/h3>\t<\/a>\r\n\t\r\n\t\t\n\t<span class=\"price\"><span class=\"woocommerce-Price-amount amount\"><bdi>5,00&nbsp;<span class=\"woocommerce-Price-currencySymbol\">&euro;<\/span><\/bdi><\/span><\/span>\n\r\n\t\t<div class=\"add-links-wrap\">\r\n\t<div class=\"add-links no-effect clearfix\">\r\n\t\t<a href=\"https:\/\/istarskiprsut.hr\/en\/product\/istarska-kosnica\/\" aria-describedby=\"woocommerce_loop_add_to_cart_link_describedby_2254\" data-quantity=\"1\" class=\"viewcart-style-2 button product_type_variable add_to_cart_button\" data-product_id=\"2254\" data-product_sku=\"89\" aria-label=\"Select options for &ldquo;ISTRIAN KOSNICA&rdquo;\" rel=\"nofollow\">Select options<\/a>\t\t<span id=\"woocommerce_loop_add_to_cart_link_describedby_2254\" class=\"screen-reader-text\">\r\n\t\tThis product has multiple variants. The options may be chosen on the product page\t<\/span>\r\n\t\t\t<\/div>\r\n\t<\/div>\r\n\n                \n                            \n            \t<\/div>\r\n<\/div>\r\n\r\n<\/li>\r\n\r\n<li role=\"none\" class=\"product-col product-wq_onimage product type-product post-2253 status-publish last outofstock product_cat-jelenic has-post-thumbnail featured taxable shipping-taxable purchasable product-type-variable has-default-attributes\">\r\n<div class=\"product-inner\">\r\n\t\r\n\t<div class=\"product-image\">\r\n\r\n\t\t<a  href=\"https:\/\/istarskiprsut.hr\/en\/product\/kobasica-uganj\/\" aria-label=\"Go to product page\">\r\n\t\t\t<div class=\"labels\"><div class=\"onhot\">Hot<\/div><\/div><div class=\"inner img-effect\"><img decoding=\"async\" width=\"300\" height=\"300\" src=\"https:\/\/istarskiprsut.hr\/wp-content\/uploads\/2021\/09\/prsutana-jelenic-proizvodi-kobasica-uganj-300x300.jpg\" class=\"attachment-woocommerce_thumbnail size-woocommerce_thumbnail\" alt=\"ISTRIAN SAUSAGE UGANJ\" \/><img decoding=\"async\" width=\"300\" height=\"300\" src=\"https:\/\/istarskiprsut.hr\/wp-content\/uploads\/2021\/07\/prsutana-jelenic-proizvodi-kobasica-uganj-studeni-2022-300x300.jpg\" class=\"hover-image\" alt=\"\" \/><\/div>\t\t<\/a>\r\n\t\t\t<div class=\"links-on-image\">\r\n\t\t\t<div class=\"add-links-wrap\">\r\n\t<div class=\"add-links no-effect clearfix\">\r\n\t\t<a href=\"https:\/\/istarskiprsut.hr\/en\/product\/kobasica-uganj\/\" aria-describedby=\"woocommerce_loop_add_to_cart_link_describedby_2253\" data-quantity=\"1\" class=\"viewcart-style-2 button product_type_variable add_to_cart_read_more\" data-product_id=\"2253\" data-product_sku=\"90\" aria-label=\"Select options for &ldquo;ISTRIAN SAUSAGE UGANJ&rdquo;\" rel=\"nofollow\">Select options<\/a>\t\t<span id=\"woocommerce_loop_add_to_cart_link_describedby_2253\" class=\"screen-reader-text\">\r\n\t\tThis product has multiple variants. The options may be chosen on the product page\t<\/span>\r\n\t\t\t<\/div>\r\n\t<\/div>\r\n\t\t<\/div>\r\n\t\t\t<\/div>\r\n\r\n\t<div class=\"product-content\">\r\n\t\t\r\n\t\t\t<a class=\"product-loop-title\"  href=\"https:\/\/istarskiprsut.hr\/en\/product\/kobasica-uganj\/\">\r\n\t<h3 class=\"woocommerce-loop-product__title\">ISTRIAN SAUSAGE UGANJ<\/h3>\t<\/a>\r\n\t\r\n\t\t\n\t<span class=\"price\"><span class=\"woocommerce-Price-amount amount\"><bdi>5,00&nbsp;<span class=\"woocommerce-Price-currencySymbol\">&euro;<\/span><\/bdi><\/span><\/span>\n\r\n\t\t<div class=\"add-links-wrap\">\r\n\t<div class=\"add-links no-effect clearfix\">\r\n\t\t<a href=\"https:\/\/istarskiprsut.hr\/en\/product\/kobasica-uganj\/\" aria-describedby=\"woocommerce_loop_add_to_cart_link_describedby_2253\" data-quantity=\"1\" class=\"viewcart-style-2 button product_type_variable add_to_cart_read_more\" data-product_id=\"2253\" data-product_sku=\"90\" aria-label=\"Select options for &ldquo;ISTRIAN SAUSAGE UGANJ&rdquo;\" rel=\"nofollow\">Select options<\/a>\t\t<span id=\"woocommerce_loop_add_to_cart_link_describedby_2253\" class=\"screen-reader-text\">\r\n\t\tThis product has multiple variants. The options may be chosen on the product page\t<\/span>\r\n\t\t\t<\/div>\r\n\t<\/div>\r\n\n                \n                            \n            \t<\/div>\r\n<\/div>\r\n\r\n<\/li>\r\n<\/ul>\r\n<\/div><\/div>[vc_btn title=&#8221;VIEW ALL&#8221; style=&#8221;modern&#8221; shape=&#8221;rounded&#8221; color=&#8221;chino&#8221; size=&#8221;sm&#8221; align=&#8221;center&#8221; skin=&#8221;dark&#8221; el_class=&#8221;mb-0 ls-120&#8243; link=&#8221;url:%2Fshop%2F&#8221;][vc_empty_space height=&#8221;40px&#8221;][\/vc_column][\/vc_row][vc_row full_width=&#8221;stretch_row&#8221; wrap_container=&#8221;yes&#8221; content_placement=&#8221;middle&#8221; css=&#8221;.vc_custom_1623944076191{padding-top: 1.25rem !important;padding-bottom: 2rem !important;background-color: #efe8d7 !important;}&#8221; el_class=&#8221;header-top-ads&#8221;][vc_column width=&#8221;1\/3&#8243; animation_delay=&#8221;200&#8243;]<div class=\"porto-sicon-box  wpb_custom_20716856f560ace4298eabfbc848b623 style_1 default-icon\"><div class=\"porto-sicon-default\"><div class=\"porto-just-icon-wrapper porto-sicon-img  porto-icon-9f5d1cfb45d27d96b50bf473aebba227\" style=\"font-size: 48px;\"><img decoding=\"async\" class=\"img-icon\" alt=\"\" src=\"https:\/\/istarskiprsut.hr\/wp-content\/uploads\/2021\/09\/prsutana-jelenic-ikona-500kn.svg\" width=\"1\" height=\"1\" \/><\/div><\/div><div class=\"porto-sicon-header\"><h3 class=\"porto-sicon-title\" style=\"font-weight:700;font-size:14px;line-height:1;\">Delivery in Croatia and abroad<\/h3><\/div> <!-- header --><\/div><!-- porto-sicon-box -->[\/vc_column][vc_column width=&#8221;1\/3&#8243; animation_delay=&#8221;500&#8243;]<div class=\"porto-sicon-box  wpb_custom_20716856f560ace4298eabfbc848b623 style_1 default-icon\"><div class=\"porto-sicon-default\"><div class=\"porto-just-icon-wrapper porto-sicon-img  porto-icon-9f5d1cfb45d27d96b50bf473aebba227\" style=\"font-size: 48px;\"><img decoding=\"async\" class=\"img-icon\" alt=\"\" src=\"https:\/\/istarskiprsut.hr\/wp-content\/uploads\/2025\/04\/prsutana-jelenic-ikona-sigurna-web-kupovina.svg\" width=\"1\" height=\"1\" \/><\/div><\/div><div class=\"porto-sicon-header\"><h3 class=\"porto-sicon-title\" style=\"font-weight:700;font-size:14px;line-height:1;\">Shop safely with us<\/h3><\/div> <!-- header --><\/div><!-- porto-sicon-box -->[\/vc_column][vc_column width=&#8221;1\/3&#8243;]<div class=\"porto-sicon-box  wpb_custom_20716856f560ace4298eabfbc848b623 style_1 default-icon\"><div class=\"porto-sicon-default\"><div class=\"porto-just-icon-wrapper porto-sicon-img  porto-icon-9f5d1cfb45d27d96b50bf473aebba227\" style=\"font-size: 48px;\"><img decoding=\"async\" class=\"img-icon\" alt=\"\" src=\"https:\/\/istarskiprsut.hr\/wp-content\/uploads\/2021\/09\/prsutana-jelenic-ikona-vrhunska-kvaliteta.svg\" width=\"1\" height=\"1\" \/><\/div><\/div><div class=\"porto-sicon-header\"><h3 class=\"porto-sicon-title\" style=\"font-weight:700;font-size:14px;line-height:1;\">Top quality products<\/h3><\/div> <!-- header --><\/div><!-- porto-sicon-box -->[\/vc_column][\/vc_row][vc_row full_width=&#8221;stretch_row&#8221; no_padding=&#8221;yes&#8221; content_placement=&#8221;middle&#8221; parallax=&#8221;content-moving&#8221; parallax_image=&#8221;2527&#8243; is_section=&#8221;yes&#8221; remove_border=&#8221;yes&#8221; el_class=&#8221;home-banner-slider&#8221; css=&#8221;.vc_custom_1630157217788{margin-top: -25px !important;}&#8221;][vc_column parallax=&#8221;content-moving-fade&#8221;][vc_row_inner wrap_container=&#8221;yes&#8221; gap=&#8221;10&#8243; content_placement=&#8221;middle&#8221;][vc_column_inner width=&#8221;1\/2&#8243;][vc_custom_heading text=&#8221;The flavours of Istrian tradition&#8221; font_container=&#8221;tag:h4|font_size:40px|text_align:left|color:%23ffffff|line_height:48px&#8221; google_fonts=&#8221;font_family:Belgrano%3Aregular|font_style:400%20regular%3A400%3Anormal&#8221; font_weight=&#8221;500&#8243; el_class=&#8221;mb-3 ls-80&#8243;][vc_custom_heading text=&#8221;In addition to Istrian pr\u0161ut, we offer other dry-cured products that will delight everyone\u2019s tastebuds, such as the Istrian sausage, pork loin (\u201combolo\u201d) and pancetta. Our products range from traditional to somewhat unique, such as the Uganj spicy sausage or the sausage with truffles whose flavour and aroma are truly unrivalled.&#8221; font_container=&#8221;tag:h4|font_size:18px|text_align:left|color:%23ffffff|line_height:26px&#8221; google_fonts=&#8221;font_family:Open%20Sans%3A300%2C300italic%2Cregular%2Citalic%2C600%2C600italic%2C700%2C700italic%2C800%2C800italic|font_style:300%20light%20regular%3A300%3Anormal&#8221; font_weight=&#8221;300&#8243; letter_spacing=&#8221;0&#8243; el_class=&#8221;custom-font1 mb-2 ls-90&#8243;][vc_btn title=&#8221;LEARN MORE&#8221; style=&#8221;modern&#8221; shape=&#8221;rounded&#8221; color=&#8221;default&#8221; size=&#8221;lg&#8221; align=&#8221;left&#8221; skin=&#8221;light&#8221; link=&#8221;url:%2Fnasi-proizvodi%2F&#8221;][\/vc_column_inner][vc_column_inner width=&#8221;1\/2&#8243;][vc_single_image image=&#8221;2603&#8243; img_size=&#8221;full&#8221; alignment=&#8221;center&#8221; style=&#8221;vc_box_outline_circle&#8221; border_color=&#8221;chino&#8221; css=&#8221;.vc_custom_1630271947467{padding-top: 20px !important;padding-right: 20px !important;padding-bottom: 20px !important;padding-left: 20px !important;}&#8221; animation_type=&#8221;fadeIn&#8221;][\/vc_column_inner][\/vc_row_inner][\/vc_column][\/vc_row][vc_row full_width=&#8221;stretch_row&#8221; wrap_container=&#8221;yes&#8221; content_placement=&#8221;middle&#8221; css=&#8221;.vc_custom_1623351346858{padding-top: 1.25rem !important;padding-bottom: 1.25rem !important;}&#8221; el_class=&#8221;header-top-ads&#8221;][vc_column width=&#8221;1\/6&#8243; animation_delay=&#8221;200&#8243; animation_type=&#8221;fadeIn&#8221;][\/vc_column][vc_column width=&#8221;4\/6&#8243;][vc_column_text]<\/p>\n<h2 style=\"text-align: center;\">NEWS<\/h2>\n<p style=\"text-align: center;\">Here you can find all the news pertaining to Pr\u0161utana Jeleni\u0107, all the products, from novelties to received awards, sales points and their business hours.<\/p>\n<p>[\/vc_column_text][\/vc_column][vc_column width=&#8221;1\/6&#8243;][\/vc_column][\/vc_row][vc_row full_width=&#8221;stretch_row&#8221; wrap_container=&#8221;yes&#8221;][vc_column]<div class=\"porto-blog wpb_content_element   wpb_custom_9c745ac33a8bb4820cfc6b89805915cc porto-blog-e0b603537120859819a60b8e18355fe8\">\t\t<div class=\"blog-posts posts-grid blog-posts-modern\">\r\n\t\t\t<div class=\"posts-container row\">\r\n\t\t<div class=\"col-sm-6 col-lg-3\">\r\n<article class=\"post post-modern hide-post-date post-3269 post type-post status-publish format-standard has-post-thumbnail hentry category-novosti tag-glas-istre tag-nagrade tag-oznaka-izvornosti\">\r\n\t<div class=\"post-image single\">\r\n\t\t<div class=\"post-slideshow porto-carousel owl-carousel has-ccols ccols-1  nav-inside nav-inside-center nav-style-2 show-nav-hover\" data-plugin-options='{\"nav\":true}'>\r\n\t\t\t\t\t\t\t\t\t\t\t<a href=\"https:\/\/istarskiprsut.hr\/en\/2022\/01\/12\/o-nasim-buducim-planovima\/\" aria-label=\"post image\">\r\n\t\t\t\t\t\t\t\t<div class=\"img-thumbnail\">\r\n\t\t\t\t\t\t<img decoding=\"async\" width=\"400\" height=\"300\" src=\"https:\/\/istarskiprsut.hr\/wp-content\/uploads\/2022\/01\/prsutana-jelenic-istarski-prsut-glas-istre-sijecanj-2022-400x300.jpg\" class=\"owl-lazy img-responsive\" alt=\"prsutana-jelenic-istarski-prsut-glas-istre-sijecanj-2022\" \/>\t\t\t\t\t\t\t\t\t\t\t\t\t<span class=\"zoom\" data-src=\"https:\/\/istarskiprsut.hr\/wp-content\/uploads\/2022\/01\/prsutana-jelenic-istarski-prsut-glas-istre-sijecanj-2022.jpg\" data-title=\"prsutana-jelenic-istarski-prsut-glas-istre-sijecanj-2022\"><i class=\"fas fa-search\"><\/i><\/span>\r\n\t\t\t\t\t\t\t\t\t\t\t<\/div>\r\n\t\t\t\t\t\t\t\t<\/a>\r\n\t\t\t\t\t\t\t\t<\/div>\r\n\t\t\r\n\t\t\t<\/div>\r\n\t\r\n\t\r\n\t<div class=\"post-content\">\r\n\r\n\t\t<h2 class=\"entry-title\"><a href=\"https:\/\/istarskiprsut.hr\/en\/2022\/01\/12\/o-nasim-buducim-planovima\/\">O na\u0161im budu\u0107im planovima&#8230;<\/a><\/h2>\r\n\t\t<span class=\"vcard\" style=\"display: none;\"><span class=\"fn\"><a href=\"https:\/\/istarskiprsut.hr\/en\/author\/lujelenic99gmail-com\/\" title=\"Posts by Lucija Jelenic\" rel=\"author\">Lucija Jelenic<\/a><\/span><\/span><span class=\"updated\" style=\"display:none\">2025-04-30T15:14:53+00:00<\/span><p class=\"post-excerpt\">Intervju o budu\u0107im planovima <a title=\"O nama\" href=\"https:\/\/istarskiprsut.hr\/o-nama\/\">na\u0161e pr\u0161utane<\/a> bio je dio novogodi\u0161njeg broja Glasa Istre. Preseljenje pogona u \u017dminj...<\/p>\t\t\t<\/div>\r\n\r\n\t<!-- Post meta after content -->\r\n\t<div class=\"post-meta\"><span class=\"meta-date\">Wednesday January 12th, 2022<\/span><span class=\"meta-author\"><a href=\"https:\/\/istarskiprsut.hr\/en\/author\/lujelenic99gmail-com\/\" title=\"Posts by Lucija Jelenic\" rel=\"author\">Lucija Jelenic<\/a><\/span><span class=\"meta-cats\"><a href=\"https:\/\/istarskiprsut.hr\/en\/category\/novosti\/\" rel=\"category tag\"><\/a><\/span><span class=\"meta-tags\"><a href=\"https:\/\/istarskiprsut.hr\/en\/tag\/glas-istre\/\" rel=\"tag\">Glas Istre<\/a>, <a href=\"https:\/\/istarskiprsut.hr\/en\/tag\/nagrade\/\" rel=\"tag\">Nagrade<\/a>, <a href=\"https:\/\/istarskiprsut.hr\/en\/tag\/oznaka-izvornosti\/\" rel=\"tag\">Oznaka Izvornosti<\/a><\/span><\/div>\r\n\t<div class=\"clearfix\">\r\n\t\t<a class=\"btn-readmore\" href=\"https:\/\/istarskiprsut.hr\/en\/2022\/01\/12\/o-nasim-buducim-planovima\/\">Read more +<\/a>\r\n\t<\/div>\r\n<\/article>\r\n<\/div><div class=\"col-sm-6 col-lg-3\">\r\n<article class=\"post post-modern hide-post-date post-1354 post type-post status-publish format-standard has-post-thumbnail hentry category-novosti tag-covid-salamijada tag-kosnica\">\r\n\t<div class=\"post-image single\">\r\n\t\t<div class=\"post-slideshow porto-carousel owl-carousel has-ccols ccols-1  nav-inside nav-inside-center nav-style-2 show-nav-hover\" data-plugin-options='{\"nav\":true}'>\r\n\t\t\t\t\t\t\t\t\t\t\t<a href=\"https:\/\/istarskiprsut.hr\/en\/2021\/04\/25\/covid-salamijada-2021-samobor-nagrade\/\" aria-label=\"post image\">\r\n\t\t\t\t\t\t\t\t<div class=\"img-thumbnail\">\r\n\t\t\t\t\t\t<img decoding=\"async\" width=\"400\" height=\"300\" src=\"https:\/\/istarskiprsut.hr\/wp-content\/uploads\/2018\/02\/prsutana-jelenic-covid-salumijada-2021-nagrade-400x300.jpg\" class=\"owl-lazy img-responsive\" alt=\"\" \/>\t\t\t\t\t\t\t\t\t\t\t\t\t<span class=\"zoom\" data-src=\"https:\/\/istarskiprsut.hr\/wp-content\/uploads\/2018\/02\/prsutana-jelenic-covid-salumijada-2021-nagrade.jpg\" data-title=\"\"><i class=\"fas fa-search\"><\/i><\/span>\r\n\t\t\t\t\t\t\t\t\t\t\t<\/div>\r\n\t\t\t\t\t\t\t\t<\/a>\r\n\t\t\t\t\t\t\t\t<\/div>\r\n\t\t\r\n\t\t\t<\/div>\r\n\t\r\n\t\r\n\t<div class=\"post-content\">\r\n\r\n\t\t<h2 class=\"entry-title\"><a href=\"https:\/\/istarskiprsut.hr\/en\/2021\/04\/25\/covid-salamijada-2021-samobor-nagrade\/\">Pr\u0161utana Jeleni\u0107 pokupila nagrade i u Samoboru<\/a><\/h2>\r\n\t\t<span class=\"vcard\" style=\"display: none;\"><span class=\"fn\"><a href=\"https:\/\/istarskiprsut.hr\/en\/author\/adminfavor\/\" title=\"Posts by adminfavor\" rel=\"author\">adminfavor<\/a><\/span><\/span><span class=\"updated\" style=\"display:none\">2021-10-01T18:27:13+00:00<\/span><p class=\"post-excerpt\">Lijepe vijesti u ova izazovna vremena!\r\n\u0160ampioni smo natjecanja Covid Salamijade 2021. u Samoboru, i dobitnici VELIKE ZLATNE \u0160AJBE u kategoriji...<\/p>\t\t\t<\/div>\r\n\r\n\t<!-- Post meta after content -->\r\n\t<div class=\"post-meta\"><span class=\"meta-date\">Sunday April 25th, 2021<\/span><span class=\"meta-author\"><a href=\"https:\/\/istarskiprsut.hr\/en\/author\/adminfavor\/\" title=\"Posts by adminfavor\" rel=\"author\">adminfavor<\/a><\/span><span class=\"meta-cats\"><a href=\"https:\/\/istarskiprsut.hr\/en\/category\/novosti\/\" rel=\"category tag\"><\/a><\/span><span class=\"meta-tags\"><a href=\"https:\/\/istarskiprsut.hr\/en\/tag\/covid-salamijada\/\" rel=\"tag\">Covid Salamijada<\/a>, <a href=\"https:\/\/istarskiprsut.hr\/en\/tag\/kosnica\/\" rel=\"tag\">Kosnica<\/a><\/span><span class=\"meta-comments\"><span>Comments Off<\/span><\/span><\/div>\r\n\t<div class=\"clearfix\">\r\n\t\t<a class=\"btn-readmore\" href=\"https:\/\/istarskiprsut.hr\/en\/2021\/04\/25\/covid-salamijada-2021-samobor-nagrade\/\">Read more +<\/a>\r\n\t<\/div>\r\n<\/article>\r\n<\/div><div class=\"col-sm-6 col-lg-3\">\r\n<article class=\"post post-modern hide-post-date post-1344 post type-post status-publish format-standard has-post-thumbnail hentry category-novosti tag-live-stream tag-youtube\">\r\n\t<div class=\"post-image single\">\r\n\t\t<div class=\"post-slideshow porto-carousel owl-carousel has-ccols ccols-1  nav-inside nav-inside-center nav-style-2 show-nav-hover\" data-plugin-options='{\"nav\":true}'>\r\n\t\t\t\t\t\t\t\t\t\t\t<a href=\"https:\/\/istarskiprsut.hr\/en\/2021\/04\/15\/live-stream-ozujak-2021\/\" aria-label=\"post image\">\r\n\t\t\t\t\t\t\t\t<div class=\"img-thumbnail\">\r\n\t\t\t\t\t\t<img decoding=\"async\" width=\"400\" height=\"300\" src=\"https:\/\/istarskiprsut.hr\/wp-content\/uploads\/2018\/02\/prsutana-jelenic-live-stream-paolo-luka-jelenic-400x300.jpg\" class=\"owl-lazy img-responsive\" alt=\"\" \/>\t\t\t\t\t\t\t\t\t\t\t\t\t<span class=\"zoom\" data-src=\"https:\/\/istarskiprsut.hr\/wp-content\/uploads\/2018\/02\/prsutana-jelenic-live-stream-paolo-luka-jelenic.jpg\" data-title=\"\"><i class=\"fas fa-search\"><\/i><\/span>\r\n\t\t\t\t\t\t\t\t\t\t\t<\/div>\r\n\t\t\t\t\t\t\t\t<\/a>\r\n\t\t\t\t\t\t\t\t<\/div>\r\n\t\t\r\n\t\t\t<\/div>\r\n\t\r\n\t\r\n\t<div class=\"post-content\">\r\n\r\n\t\t<h2 class=\"entry-title\"><a href=\"https:\/\/istarskiprsut.hr\/en\/2021\/04\/15\/live-stream-ozujak-2021\/\">Pr\u0161utana Jeleni\u0107 predstavlja svoje Live Stream emisije<\/a><\/h2>\r\n\t\t<span class=\"vcard\" style=\"display: none;\"><span class=\"fn\"><a href=\"https:\/\/istarskiprsut.hr\/en\/author\/adminfavor\/\" title=\"Posts by adminfavor\" rel=\"author\">adminfavor<\/a><\/span><\/span><span class=\"updated\" style=\"display:none\">2025-04-30T15:16:05+00:00<\/span><p class=\"post-excerpt\">Do what makes you happy.\r\nNovo iskustvo, nova aventura!\r\nHtjeli bi se zahvaliti cijelom timu na odli\u010dno odra\u0111enom poslu na epizodama live...<\/p>\t\t\t<\/div>\r\n\r\n\t<!-- Post meta after content -->\r\n\t<div class=\"post-meta\"><span class=\"meta-date\">Thursday April 15th, 2021<\/span><span class=\"meta-author\"><a href=\"https:\/\/istarskiprsut.hr\/en\/author\/adminfavor\/\" title=\"Posts by adminfavor\" rel=\"author\">adminfavor<\/a><\/span><span class=\"meta-cats\"><a href=\"https:\/\/istarskiprsut.hr\/en\/category\/novosti\/\" rel=\"category tag\"><\/a><\/span><span class=\"meta-tags\"><a href=\"https:\/\/istarskiprsut.hr\/en\/tag\/live-stream\/\" rel=\"tag\">Live Stream<\/a>, <a href=\"https:\/\/istarskiprsut.hr\/en\/tag\/youtube\/\" rel=\"tag\">YouTube<\/a><\/span><\/div>\r\n\t<div class=\"clearfix\">\r\n\t\t<a class=\"btn-readmore\" href=\"https:\/\/istarskiprsut.hr\/en\/2021\/04\/15\/live-stream-ozujak-2021\/\">Read more +<\/a>\r\n\t<\/div>\r\n<\/article>\r\n<\/div><div class=\"col-sm-6 col-lg-3\">\r\n<article class=\"post post-modern hide-post-date post-2791 post type-post status-publish format-standard has-post-thumbnail hentry category-uncategorized\">\r\n\t<div class=\"post-image single\">\r\n\t\t<div class=\"post-slideshow porto-carousel owl-carousel has-ccols ccols-1  nav-inside nav-inside-center nav-style-2 show-nav-hover\" data-plugin-options='{\"nav\":true}'>\r\n\t\t\t\t\t\t\t\t\t\t\t<a href=\"https:\/\/istarskiprsut.hr\/en\/2021\/02\/01\/paolo-jelenic-novi-je-predsjednik-udruge-proizvodaca-istarskog-prsuta\/\" aria-label=\"post image\">\r\n\t\t\t\t\t\t\t\t<div class=\"img-thumbnail\">\r\n\t\t\t\t\t\t<img decoding=\"async\" width=\"400\" height=\"300\" src=\"https:\/\/istarskiprsut.hr\/wp-content\/uploads\/2021\/02\/bookaleta-paolo-jelenic-predsjednik-udruge-prsutara-400x300.jpg\" class=\"owl-lazy img-responsive\" alt=\"\" \/>\t\t\t\t\t\t\t\t\t\t\t\t\t<span class=\"zoom\" data-src=\"https:\/\/istarskiprsut.hr\/wp-content\/uploads\/2021\/02\/bookaleta-paolo-jelenic-predsjednik-udruge-prsutara.jpg\" data-title=\"\"><i class=\"fas fa-search\"><\/i><\/span>\r\n\t\t\t\t\t\t\t\t\t\t\t<\/div>\r\n\t\t\t\t\t\t\t\t<\/a>\r\n\t\t\t\t\t\t\t\t<\/div>\r\n\t\t\r\n\t\t\t<\/div>\r\n\t\r\n\t\r\n\t<div class=\"post-content\">\r\n\r\n\t\t<h2 class=\"entry-title\"><a href=\"https:\/\/istarskiprsut.hr\/en\/2021\/02\/01\/paolo-jelenic-novi-je-predsjednik-udruge-proizvodaca-istarskog-prsuta\/\">Paolo Jeleni\u0107 novi je predsjednik udruge proizvo\u0111a\u010da istarskog pr\u0161uta<\/a><\/h2>\r\n\t\t<span class=\"vcard\" style=\"display: none;\"><span class=\"fn\"><a href=\"https:\/\/istarskiprsut.hr\/en\/author\/mpjapa\/\" title=\"Posts by mpjapa\" rel=\"author\">mpjapa<\/a><\/span><\/span><span class=\"updated\" style=\"display:none\">2021-10-01T18:47:01+00:00<\/span><p class=\"post-excerpt\">Paolo Jeleni\u0107 novi je predsjednik Udruge proizvo\u0111a\u010da istarskog pr\u0161uta i drugih tradicijskih proizvoda od svinjskog mesa, zamijeniv\u0161i na toj funkciji...<\/p>\t\t\t<\/div>\r\n\r\n\t<!-- Post meta after content -->\r\n\t<div class=\"post-meta\"><span class=\"meta-date\">Monday February  1st, 2021<\/span><span class=\"meta-author\"><a href=\"https:\/\/istarskiprsut.hr\/en\/author\/mpjapa\/\" title=\"Posts by mpjapa\" rel=\"author\">mpjapa<\/a><\/span><span class=\"meta-cats\"><a href=\"https:\/\/istarskiprsut.hr\/en\/category\/uncategorized\/\" rel=\"category tag\">Uncategorized<\/a><\/span><span class=\"meta-comments\"><span>Comments Off<\/span><\/span><\/div>\r\n\t<div class=\"clearfix\">\r\n\t\t<a class=\"btn-readmore\" href=\"https:\/\/istarskiprsut.hr\/en\/2021\/02\/01\/paolo-jelenic-novi-je-predsjednik-udruge-proizvodaca-istarskog-prsuta\/\">Read more +<\/a>\r\n\t<\/div>\r\n<\/article>\r\n<\/div>\r\n\t\r\n\t\t\t<\/div>\r\n\t\t<\/div>\r\n\r\n\t\r\n\t\r\n\t<\/div>[vc_btn title=&#8221;VIEW ALL&#8221; style=&#8221;modern&#8221; shape=&#8221;rounded&#8221; color=&#8221;chino&#8221; size=&#8221;sm&#8221; align=&#8221;center&#8221; skin=&#8221;dark&#8221; btn_fw=&#8221;500&#8243; el_class=&#8221;mb-0 ls-120&#8243; link=&#8221;url:%2Fblog%2F&#8221;][vc_empty_space height=&#8221;40px&#8221;][\/vc_column][\/vc_row]ISTRIAN OMBOLO&rdquo;\" rel=\"nofollow\">Select options<\/a>\t\t<span id=\"woocommerce_loop_add_to_cart_link_describedby_2255\" class=\"screen-reader-text\">\r\n\t\tThis product has multiple variants. The options may be chosen on the product page\t<\/span>\r\n\t\t\t<\/div>\r\n\t<\/div>\r\n\t\t<\/div>\r\n\t\t\t<\/div>\r\n\r\n\t<div class=\"product-content\">\r\n\t\t\r\n\t\t\t<a class=\"product-loop-title\"  href=\"https:\/\/istarskiprsut.hr\/en\/product\/istarski-ombolo\/\">\r\n\t<h3 class=\"woocommerce-loop-product__title\">ISTRIAN OMBOLO<\/h3>\t<\/a>\r\n\t\r\n\t\t\n\t<span class=\"price\"><span class=\"woocommerce-Price-amount amount\"><bdi>13,00&nbsp;<span class=\"woocommerce-Price-currencySymbol\">&euro;<\/span><\/bdi><\/span><\/span>\n\r\n\t\t<div class=\"add-links-wrap\">\r\n\t<div class=\"add-links no-effect clearfix\">\r\n\t\t<a href=\"https:\/\/istarskiprsut.hr\/en\/product\/istarski-ombolo\/\" aria-describedby=\"woocommerce_loop_add_to_cart_link_describedby_2255\" data-quantity=\"1\" class=\"viewcart-style-2 button product_type_variable add_to_cart_button\" data-product_id=\"2255\" data-product_sku=\"8\" aria-label=\"Select options for &ldquo;ISTRIAN OMBOLO&rdquo;\" rel=\"nofollow\">Select options<\/a>\t\t<span id=\"woocommerce_loop_add_to_cart_link_describedby_2255\" class=\"screen-reader-text\">\r\n\t\tThis product has multiple variants. The options may be chosen on the product page\t<\/span>\r\n\t\t\t<\/div>\r\n\t<\/div>\r\n\n                \n                            \n            \t<\/div>\r\n<\/div>\r\n\r\n<\/li>\r\n\r\n<li role=\"none\" class=\"product-col product-wq_onimage product type-product post-2254 status-publish instock product_cat-jelenic has-post-thumbnail featured taxable shipping-taxable purchasable product-type-variable has-default-attributes\">\r\n<div class=\"product-inner\">\r\n\t\r\n\t<div class=\"product-image\">\r\n\r\n\t\t<a  href=\"https:\/\/istarskiprsut.hr\/en\/product\/istarska-kosnica\/\" aria-label=\"Go to product page\">\r\n\t\t\t<div class=\"labels\"><div class=\"onhot\">Hot<\/div><\/div><div class=\"inner img-effect\"><img decoding=\"async\" width=\"300\" height=\"300\" src=\"https:\/\/istarskiprsut.hr\/wp-content\/uploads\/2021\/07\/prsutana-jelenic-proizvodi-domaca-kosnica-02-300x300.jpg\" class=\"attachment-woocommerce_thumbnail size-woocommerce_thumbnail\" alt=\"ISTRIAN KOSNICA\" \/><img decoding=\"async\" width=\"300\" height=\"300\" src=\"https:\/\/istarskiprsut.hr\/wp-content\/uploads\/2021\/07\/prsutana-jelenic-proizvodi-domaca-kosnica-01-300x300.jpg\" class=\"hover-image\" alt=\"\" \/><\/div>\t\t<\/a>\r\n\t\t\t<div class=\"links-on-image\">\r\n\t\t\t<div class=\"add-links-wrap\">\r\n\t<div class=\"add-links no-effect clearfix\">\r\n\t\t<a href=\"https:\/\/istarskiprsut.hr\/en\/product\/istarska-kosnica\/\" aria-describedby=\"woocommerce_loop_add_to_cart_link_describedby_2254\" data-quantity=\"1\" class=\"viewcart-style-2 button product_type_variable add_to_cart_button\" data-product_id=\"2254\" data-product_sku=\"89\" aria-label=\"Select options for &ldquo;ISTRIAN KOSNICA&rdquo;\" rel=\"nofollow\">Select options<\/a>\t\t<span id=\"woocommerce_loop_add_to_cart_link_describedby_2254\" class=\"screen-reader-text\">\r\n\t\tThis product has multiple variants. The options may be chosen on the product page\t<\/span>\r\n\t\t\t<\/div>\r\n\t<\/div>\r\n\t\t<\/div>\r\n\t\t\t<\/div>\r\n\r\n\t<div class=\"product-content\">\r\n\t\t\r\n\t\t\t<a class=\"product-loop-title\"  href=\"https:\/\/istarskiprsut.hr\/en\/product\/istarska-kosnica\/\">\r\n\t<h3 class=\"woocommerce-loop-product__title\">ISTRIAN KOSNICA<\/h3>\t<\/a>\r\n\t\r\n\t\t\n\t<span class=\"price\"><span class=\"woocommerce-Price-amount amount\"><bdi>5,00&nbsp;<span class=\"woocommerce-Price-currencySymbol\">&euro;<\/span><\/bdi><\/span><\/span>\n\r\n\t\t<div class=\"add-links-wrap\">\r\n\t<div class=\"add-links no-effect clearfix\">\r\n\t\t<a href=\"https:\/\/istarskiprsut.hr\/en\/product\/istarska-kosnica\/\" aria-describedby=\"woocommerce_loop_add_to_cart_link_describedby_2254\" data-quantity=\"1\" class=\"viewcart-style-2 button product_type_variable add_to_cart_button\" data-product_id=\"2254\" data-product_sku=\"89\" aria-label=\"Select options for &ldquo;ISTRIAN KOSNICA&rdquo;\" rel=\"nofollow\">Select options<\/a>\t\t<span id=\"woocommerce_loop_add_to_cart_link_describedby_2254\" class=\"screen-reader-text\">\r\n\t\tThis product has multiple variants. The options may be chosen on the product page\t<\/span>\r\n\t\t\t<\/div>\r\n\t<\/div>\r\n\n                \n                            \n            \t<\/div>\r\n<\/div>\r\n\r\n<\/li>\r\n\r\n<li role=\"none\" class=\"product-col product-wq_onimage product type-product post-2253 status-publish last outofstock product_cat-jelenic has-post-thumbnail featured taxable shipping-taxable purchasable product-type-variable has-default-attributes\">\r\n<div class=\"product-inner\">\r\n\t\r\n\t<div class=\"product-image\">\r\n\r\n\t\t<a  href=\"https:\/\/istarskiprsut.hr\/en\/product\/kobasica-uganj\/\" aria-label=\"Go to product page\">\r\n\t\t\t<div class=\"labels\"><div class=\"onhot\">Hot<\/div><\/div><div class=\"inner img-effect\"><img decoding=\"async\" width=\"300\" height=\"300\" src=\"https:\/\/istarskiprsut.hr\/wp-content\/uploads\/2021\/09\/prsutana-jelenic-proizvodi-kobasica-uganj-300x300.jpg\" class=\"attachment-woocommerce_thumbnail size-woocommerce_thumbnail\" alt=\"ISTRIAN SAUSAGE UGANJ\" \/><img decoding=\"async\" width=\"300\" height=\"300\" src=\"https:\/\/istarskiprsut.hr\/wp-content\/uploads\/2021\/07\/prsutana-jelenic-proizvodi-kobasica-uganj-studeni-2022-300x300.jpg\" class=\"hover-image\" alt=\"\" \/><\/div>\t\t<\/a>\r\n\t\t\t<div class=\"links-on-image\">\r\n\t\t\t<div class=\"add-links-wrap\">\r\n\t<div class=\"add-links no-effect clearfix\">\r\n\t\t<a href=\"https:\/\/istarskiprsut.hr\/en\/product\/kobasica-uganj\/\" aria-describedby=\"woocommerce_loop_add_to_cart_link_describedby_2253\" data-quantity=\"1\" class=\"viewcart-style-2 button product_type_variable add_to_cart_read_more\" data-product_id=\"2253\" data-product_sku=\"90\" aria-label=\"Select options for &ldquo;ISTRIAN SAUSAGE UGANJ&rdquo;\" rel=\"nofollow\">Select options<\/a>\t\t<span id=\"woocommerce_loop_add_to_cart_link_describedby_2253\" class=\"screen-reader-text\">\r\n\t\tThis product has multiple variants. The options may be chosen on the product page\t<\/span>\r\n\t\t\t<\/div>\r\n\t<\/div>\r\n\t\t<\/div>\r\n\t\t\t<\/div>\r\n\r\n\t<div class=\"product-content\">\r\n\t\t\r\n\t\t\t<a class=\"product-loop-title\"  href=\"https:\/\/istarskiprsut.hr\/en\/product\/kobasica-uganj\/\">\r\n\t<h3 class=\"woocommerce-loop-product__title\">ISTRIAN SAUSAGE UGANJ<\/h3>\t<\/a>\r\n\t\r\n\t\t\n\t<span class=\"price\"><span class=\"woocommerce-Price-amount amount\"><bdi>5,00&nbsp;<span class=\"woocommerce-Price-currencySymbol\">&euro;<\/span><\/bdi><\/span><\/span>\n\r\n\t\t<div class=\"add-links-wrap\">\r\n\t<div class=\"add-links no-effect clearfix\">\r\n\t\t<a href=\"https:\/\/istarskiprsut.hr\/en\/product\/kobasica-uganj\/\" aria-describedby=\"woocommerce_loop_add_to_cart_link_describedby_2253\" data-quantity=\"1\" class=\"viewcart-style-2 button product_type_variable add_to_cart_read_more\" data-product_id=\"2253\" data-product_sku=\"90\" aria-label=\"Select options for &ldquo;ISTRIAN SAUSAGE UGANJ&rdquo;\" rel=\"nofollow\">Select options<\/a>\t\t<span id=\"woocommerce_loop_add_to_cart_link_describedby_2253\" class=\"screen-reader-text\">\r\n\t\tThis product has multiple variants. The options may be chosen on the product page\t<\/span>\r\n\t\t\t<\/div>\r\n\t<\/div>\r\n\n                \n                            \n            \t<\/div>\r\n<\/div>\r\n\r\n<\/li>\r\n<\/ul>\r\n<\/div><\/div>[vc_btn title=&#8221;ALLE PRODUKTE&#8221; style=&#8221;modern&#8221; shape=&#8221;rounded&#8221; color=&#8221;chino&#8221; size=&#8221;sm&#8221; align=&#8221;center&#8221; skin=&#8221;dark&#8221; el_class=&#8221;mb-0 ls-120&#8243; link=&#8221;url:%2Fshop%2F&#8221;][vc_empty_space height=&#8221;40px&#8221;][\/vc_column][\/vc_row][vc_row full_width=&#8221;stretch_row&#8221; wrap_container=&#8221;yes&#8221; content_placement=&#8221;middle&#8221; css=&#8221;.vc_custom_1623944076191{padding-top: 1.25rem !important;padding-bottom: 2rem !important;background-color: #efe8d7 !important;}&#8221; el_class=&#8221;header-top-ads&#8221;][vc_column width=&#8221;1\/3&#8243; animation_delay=&#8221;200&#8243;]<div class=\"porto-sicon-box  wpb_custom_20716856f560ace4298eabfbc848b623 style_1 default-icon\"><div class=\"porto-sicon-default\"><div class=\"porto-just-icon-wrapper porto-sicon-img  porto-icon-9f5d1cfb45d27d96b50bf473aebba227\" style=\"font-size: 48px;\"><img decoding=\"async\" class=\"img-icon\" alt=\"\" src=\"https:\/\/istarskiprsut.hr\/wp-content\/uploads\/2021\/09\/prsutana-jelenic-ikona-500kn.svg\" width=\"1\" height=\"1\" \/><\/div><\/div><div class=\"porto-sicon-header\"><h3 class=\"porto-sicon-title\" style=\"font-weight:700;font-size:14px;line-height:1;\">Kostenlose Lieferung in Kroatien \u00fcber HRK 500<\/h3><\/div> <!-- header --><\/div><!-- porto-sicon-box -->[\/vc_column][vc_column width=&#8221;1\/3&#8243; animation_delay=&#8221;500&#8243;]<div class=\"porto-sicon-box  wpb_custom_20716856f560ace4298eabfbc848b623 style_1 default-icon\"><div class=\"porto-sicon-default\"><div class=\"porto-just-icon-wrapper porto-sicon-img  porto-icon-9f5d1cfb45d27d96b50bf473aebba227\" style=\"font-size: 48px;\"><img decoding=\"async\" class=\"img-icon\" alt=\"\" src=\"https:\/\/istarskiprsut.hr\/wp-content\/uploads\/2025\/04\/prsutana-jelenic-ikona-sigurna-web-kupovina.svg\" width=\"1\" height=\"1\" \/><\/div><\/div><div class=\"porto-sicon-header\"><h3 class=\"porto-sicon-title\" style=\"font-weight:700;font-size:14px;line-height:1;\">Sicheres Einkaufen bei uns<\/h3><\/div> <!-- header --><\/div><!-- porto-sicon-box -->[\/vc_column][vc_column width=&#8221;1\/3&#8243;]<div class=\"porto-sicon-box  wpb_custom_20716856f560ace4298eabfbc848b623 style_1 default-icon\"><div class=\"porto-sicon-default\"><div class=\"porto-just-icon-wrapper porto-sicon-img  porto-icon-9f5d1cfb45d27d96b50bf473aebba227\" style=\"font-size: 48px;\"><img decoding=\"async\" class=\"img-icon\" alt=\"\" src=\"https:\/\/istarskiprsut.hr\/wp-content\/uploads\/2021\/09\/prsutana-jelenic-ikona-vrhunska-kvaliteta.svg\" width=\"1\" height=\"1\" \/><\/div><\/div><div class=\"porto-sicon-header\"><h3 class=\"porto-sicon-title\" style=\"font-weight:700;font-size:14px;line-height:1;\">Produkte von h\u00f6chster Qualit\u00e4t<\/h3><\/div> <!-- header --><\/div><!-- porto-sicon-box -->[\/vc_column][\/vc_row][vc_row full_width=&#8221;stretch_row&#8221; no_padding=&#8221;yes&#8221; content_placement=&#8221;middle&#8221; parallax=&#8221;content-moving&#8221; parallax_image=&#8221;2527&#8243; is_section=&#8221;yes&#8221; remove_border=&#8221;yes&#8221; el_class=&#8221;home-banner-slider&#8221; css=&#8221;.vc_custom_1630157217788{margin-top: -25px !important;}&#8221;][vc_column parallax=&#8221;content-moving-fade&#8221;][vc_row_inner wrap_container=&#8221;yes&#8221; gap=&#8221;10&#8243; content_placement=&#8221;middle&#8221;][vc_column_inner width=&#8221;1\/2&#8243;][vc_custom_heading text=&#8221;Der Geschmack der istrischen Tradition&#8221; font_container=&#8221;tag:h4|font_size:40px|text_align:left|color:%23ffffff|line_height:48px&#8221; google_fonts=&#8221;font_family:Belgrano%3Aregular|font_style:400%20regular%3A400%3Anormal&#8221; font_weight=&#8221;500&#8243; el_class=&#8221;mb-3 ls-80&#8243;][vc_custom_heading text=&#8221;Neben dem istrischen Prosciutto gibt es auch noch viele andere Trockenfleischprodukte, die jeden Gaumen erfreuen, wie die istrische Wurst, die Ombola bzw. getrocknete Schweinelende und Speck. Die Produktpalette reicht von traditionell bis hin zu speziellen Produkten, wie die w\u00fcrzige Wurst Uganj oder die Wurst mit Tr\u00fcffeln, deren Geschmack und Aroma wahrhaftig ganz besonders sind.&#8221; font_container=&#8221;tag:h4|font_size:18px|text_align:left|color:%23ffffff|line_height:26px&#8221; google_fonts=&#8221;font_family:Open%20Sans%3A300%2C300italic%2Cregular%2Citalic%2C600%2C600italic%2C700%2C700italic%2C800%2C800italic|font_style:300%20light%20regular%3A300%3Anormal&#8221; font_weight=&#8221;300&#8243; letter_spacing=&#8221;0&#8243; el_class=&#8221;custom-font1 mb-2 ls-90&#8243;][vc_btn title=&#8221;ERFAHREN SIE MEHR&#8221; style=&#8221;modern&#8221; shape=&#8221;rounded&#8221; color=&#8221;default&#8221; size=&#8221;lg&#8221; align=&#8221;left&#8221; skin=&#8221;light&#8221; link=&#8221;url:%2Fnasi-proizvodi%2F&#8221;][\/vc_column_inner][vc_column_inner width=&#8221;1\/2&#8243;][vc_single_image image=&#8221;2603&#8243; img_size=&#8221;full&#8221; alignment=&#8221;center&#8221; style=&#8221;vc_box_outline_circle&#8221; border_color=&#8221;chino&#8221; css=&#8221;.vc_custom_1630271947467{padding-top: 20px !important;padding-right: 20px !important;padding-bottom: 20px !important;padding-left: 20px !important;}&#8221; animation_type=&#8221;fadeIn&#8221;][\/vc_column_inner][\/vc_row_inner][\/vc_column][\/vc_row][vc_row full_width=&#8221;stretch_row&#8221; wrap_container=&#8221;yes&#8221; content_placement=&#8221;middle&#8221; css=&#8221;.vc_custom_1623351346858{padding-top: 1.25rem !important;padding-bottom: 1.25rem !important;}&#8221; el_class=&#8221;header-top-ads&#8221;][vc_column width=&#8221;1\/6&#8243; animation_delay=&#8221;200&#8243; animation_type=&#8221;fadeIn&#8221;][\/vc_column][vc_column width=&#8221;4\/6&#8243;][vc_column_text]<\/p>\n<h2 style=\"text-align: center;\">NEUHEITEN<\/h2>\n<p style=\"text-align: center;\">Hier finden Sie alle Neuigkeiten rund um Prosciutto Jeleni\u0107, seine Produkte, Neuheiten, Auszeichnungen, Verkaufsstellen und deren \u00d6ffnungszeiten.<\/p>\n<p>[\/vc_column_text][\/vc_column][vc_column width=&#8221;1\/6&#8243;][\/vc_column][\/vc_row][vc_row full_width=&#8221;stretch_row&#8221; wrap_container=&#8221;yes&#8221;][vc_column]<div class=\"porto-blog wpb_content_element   wpb_custom_9c745ac33a8bb4820cfc6b89805915cc porto-blog-e0b603537120859819a60b8e18355fe8\">\t\t<div class=\"blog-posts posts-grid blog-posts-modern\">\r\n\t\t\t<div class=\"posts-container row\">\r\n\t\t<div class=\"col-sm-6 col-lg-3\">\r\n<article class=\"post post-modern hide-post-date post-3269 post type-post status-publish format-standard has-post-thumbnail hentry category-novosti tag-glas-istre tag-nagrade tag-oznaka-izvornosti\">\r\n\t<div class=\"post-image single\">\r\n\t\t<div class=\"post-slideshow porto-carousel owl-carousel has-ccols ccols-1  nav-inside nav-inside-center nav-style-2 show-nav-hover\" data-plugin-options='{\"nav\":true}'>\r\n\t\t\t\t\t\t\t\t\t\t\t<a href=\"https:\/\/istarskiprsut.hr\/en\/2022\/01\/12\/o-nasim-buducim-planovima\/\" aria-label=\"post image\">\r\n\t\t\t\t\t\t\t\t<div class=\"img-thumbnail\">\r\n\t\t\t\t\t\t<img decoding=\"async\" width=\"400\" height=\"300\" src=\"https:\/\/istarskiprsut.hr\/wp-content\/uploads\/2022\/01\/prsutana-jelenic-istarski-prsut-glas-istre-sijecanj-2022-400x300.jpg\" class=\"owl-lazy img-responsive\" alt=\"prsutana-jelenic-istarski-prsut-glas-istre-sijecanj-2022\" \/>\t\t\t\t\t\t\t\t\t\t\t\t\t<span class=\"zoom\" data-src=\"https:\/\/istarskiprsut.hr\/wp-content\/uploads\/2022\/01\/prsutana-jelenic-istarski-prsut-glas-istre-sijecanj-2022.jpg\" data-title=\"prsutana-jelenic-istarski-prsut-glas-istre-sijecanj-2022\"><i class=\"fas fa-search\"><\/i><\/span>\r\n\t\t\t\t\t\t\t\t\t\t\t<\/div>\r\n\t\t\t\t\t\t\t\t<\/a>\r\n\t\t\t\t\t\t\t\t<\/div>\r\n\t\t\r\n\t\t\t<\/div>\r\n\t\r\n\t\r\n\t<div class=\"post-content\">\r\n\r\n\t\t<h2 class=\"entry-title\"><a href=\"https:\/\/istarskiprsut.hr\/en\/2022\/01\/12\/o-nasim-buducim-planovima\/\">O na\u0161im budu\u0107im planovima&#8230;<\/a><\/h2>\r\n\t\t<span class=\"vcard\" style=\"display: none;\"><span class=\"fn\"><a href=\"https:\/\/istarskiprsut.hr\/en\/author\/lujelenic99gmail-com\/\" title=\"Posts by Lucija Jelenic\" rel=\"author\">Lucija Jelenic<\/a><\/span><\/span><span class=\"updated\" style=\"display:none\">2025-04-30T15:14:53+00:00<\/span><p class=\"post-excerpt\">Intervju o budu\u0107im planovima <a title=\"O nama\" href=\"https:\/\/istarskiprsut.hr\/o-nama\/\">na\u0161e pr\u0161utane<\/a> bio je dio novogodi\u0161njeg broja Glasa Istre. Preseljenje pogona u \u017dminj...<\/p>\t\t\t<\/div>\r\n\r\n\t<!-- Post meta after content -->\r\n\t<div class=\"post-meta\"><span class=\"meta-date\">Wednesday January 12th, 2022<\/span><span class=\"meta-author\"><a href=\"https:\/\/istarskiprsut.hr\/en\/author\/lujelenic99gmail-com\/\" title=\"Posts by Lucija Jelenic\" rel=\"author\">Lucija Jelenic<\/a><\/span><span class=\"meta-cats\"><a href=\"https:\/\/istarskiprsut.hr\/en\/category\/novosti\/\" rel=\"category tag\"><\/a><\/span><span class=\"meta-tags\"><a href=\"https:\/\/istarskiprsut.hr\/en\/tag\/glas-istre\/\" rel=\"tag\">Glas Istre<\/a>, <a href=\"https:\/\/istarskiprsut.hr\/en\/tag\/nagrade\/\" rel=\"tag\">Nagrade<\/a>, <a href=\"https:\/\/istarskiprsut.hr\/en\/tag\/oznaka-izvornosti\/\" rel=\"tag\">Oznaka Izvornosti<\/a><\/span><\/div>\r\n\t<div class=\"clearfix\">\r\n\t\t<a class=\"btn-readmore\" href=\"https:\/\/istarskiprsut.hr\/en\/2022\/01\/12\/o-nasim-buducim-planovima\/\">Read more +<\/a>\r\n\t<\/div>\r\n<\/article>\r\n<\/div><div class=\"col-sm-6 col-lg-3\">\r\n<article class=\"post post-modern hide-post-date post-1354 post type-post status-publish format-standard has-post-thumbnail hentry category-novosti tag-covid-salamijada tag-kosnica\">\r\n\t<div class=\"post-image single\">\r\n\t\t<div class=\"post-slideshow porto-carousel owl-carousel has-ccols ccols-1  nav-inside nav-inside-center nav-style-2 show-nav-hover\" data-plugin-options='{\"nav\":true}'>\r\n\t\t\t\t\t\t\t\t\t\t\t<a href=\"https:\/\/istarskiprsut.hr\/en\/2021\/04\/25\/covid-salamijada-2021-samobor-nagrade\/\" aria-label=\"post image\">\r\n\t\t\t\t\t\t\t\t<div class=\"img-thumbnail\">\r\n\t\t\t\t\t\t<img decoding=\"async\" width=\"400\" height=\"300\" src=\"https:\/\/istarskiprsut.hr\/wp-content\/uploads\/2018\/02\/prsutana-jelenic-covid-salumijada-2021-nagrade-400x300.jpg\" class=\"owl-lazy img-responsive\" alt=\"\" \/>\t\t\t\t\t\t\t\t\t\t\t\t\t<span class=\"zoom\" data-src=\"https:\/\/istarskiprsut.hr\/wp-content\/uploads\/2018\/02\/prsutana-jelenic-covid-salumijada-2021-nagrade.jpg\" data-title=\"\"><i class=\"fas fa-search\"><\/i><\/span>\r\n\t\t\t\t\t\t\t\t\t\t\t<\/div>\r\n\t\t\t\t\t\t\t\t<\/a>\r\n\t\t\t\t\t\t\t\t<\/div>\r\n\t\t\r\n\t\t\t<\/div>\r\n\t\r\n\t\r\n\t<div class=\"post-content\">\r\n\r\n\t\t<h2 class=\"entry-title\"><a href=\"https:\/\/istarskiprsut.hr\/en\/2021\/04\/25\/covid-salamijada-2021-samobor-nagrade\/\">Pr\u0161utana Jeleni\u0107 pokupila nagrade i u Samoboru<\/a><\/h2>\r\n\t\t<span class=\"vcard\" style=\"display: none;\"><span class=\"fn\"><a href=\"https:\/\/istarskiprsut.hr\/en\/author\/adminfavor\/\" title=\"Posts by adminfavor\" rel=\"author\">adminfavor<\/a><\/span><\/span><span class=\"updated\" style=\"display:none\">2021-10-01T18:27:13+00:00<\/span><p class=\"post-excerpt\">Lijepe vijesti u ova izazovna vremena!\r\n\u0160ampioni smo natjecanja Covid Salamijade 2021. u Samoboru, i dobitnici VELIKE ZLATNE \u0160AJBE u kategoriji...<\/p>\t\t\t<\/div>\r\n\r\n\t<!-- Post meta after content -->\r\n\t<div class=\"post-meta\"><span class=\"meta-date\">Sunday April 25th, 2021<\/span><span class=\"meta-author\"><a href=\"https:\/\/istarskiprsut.hr\/en\/author\/adminfavor\/\" title=\"Posts by adminfavor\" rel=\"author\">adminfavor<\/a><\/span><span class=\"meta-cats\"><a href=\"https:\/\/istarskiprsut.hr\/en\/category\/novosti\/\" rel=\"category tag\"><\/a><\/span><span class=\"meta-tags\"><a href=\"https:\/\/istarskiprsut.hr\/en\/tag\/covid-salamijada\/\" rel=\"tag\">Covid Salamijada<\/a>, <a href=\"https:\/\/istarskiprsut.hr\/en\/tag\/kosnica\/\" rel=\"tag\">Kosnica<\/a><\/span><span class=\"meta-comments\"><span>Comments Off<\/span><\/span><\/div>\r\n\t<div class=\"clearfix\">\r\n\t\t<a class=\"btn-readmore\" href=\"https:\/\/istarskiprsut.hr\/en\/2021\/04\/25\/covid-salamijada-2021-samobor-nagrade\/\">Read more +<\/a>\r\n\t<\/div>\r\n<\/article>\r\n<\/div><div class=\"col-sm-6 col-lg-3\">\r\n<article class=\"post post-modern hide-post-date post-1344 post type-post status-publish format-standard has-post-thumbnail hentry category-novosti tag-live-stream tag-youtube\">\r\n\t<div class=\"post-image single\">\r\n\t\t<div class=\"post-slideshow porto-carousel owl-carousel has-ccols ccols-1  nav-inside nav-inside-center nav-style-2 show-nav-hover\" data-plugin-options='{\"nav\":true}'>\r\n\t\t\t\t\t\t\t\t\t\t\t<a href=\"https:\/\/istarskiprsut.hr\/en\/2021\/04\/15\/live-stream-ozujak-2021\/\" aria-label=\"post image\">\r\n\t\t\t\t\t\t\t\t<div class=\"img-thumbnail\">\r\n\t\t\t\t\t\t<img decoding=\"async\" width=\"400\" height=\"300\" src=\"https:\/\/istarskiprsut.hr\/wp-content\/uploads\/2018\/02\/prsutana-jelenic-live-stream-paolo-luka-jelenic-400x300.jpg\" class=\"owl-lazy img-responsive\" alt=\"\" \/>\t\t\t\t\t\t\t\t\t\t\t\t\t<span class=\"zoom\" data-src=\"https:\/\/istarskiprsut.hr\/wp-content\/uploads\/2018\/02\/prsutana-jelenic-live-stream-paolo-luka-jelenic.jpg\" data-title=\"\"><i class=\"fas fa-search\"><\/i><\/span>\r\n\t\t\t\t\t\t\t\t\t\t\t<\/div>\r\n\t\t\t\t\t\t\t\t<\/a>\r\n\t\t\t\t\t\t\t\t<\/div>\r\n\t\t\r\n\t\t\t<\/div>\r\n\t\r\n\t\r\n\t<div class=\"post-content\">\r\n\r\n\t\t<h2 class=\"entry-title\"><a href=\"https:\/\/istarskiprsut.hr\/en\/2021\/04\/15\/live-stream-ozujak-2021\/\">Pr\u0161utana Jeleni\u0107 predstavlja svoje Live Stream emisije<\/a><\/h2>\r\n\t\t<span class=\"vcard\" style=\"display: none;\"><span class=\"fn\"><a href=\"https:\/\/istarskiprsut.hr\/en\/author\/adminfavor\/\" title=\"Posts by adminfavor\" rel=\"author\">adminfavor<\/a><\/span><\/span><span class=\"updated\" style=\"display:none\">2025-04-30T15:16:05+00:00<\/span><p class=\"post-excerpt\">Do what makes you happy.\r\nNovo iskustvo, nova aventura!\r\nHtjeli bi se zahvaliti cijelom timu na odli\u010dno odra\u0111enom poslu na epizodama live...<\/p>\t\t\t<\/div>\r\n\r\n\t<!-- Post meta after content -->\r\n\t<div class=\"post-meta\"><span class=\"meta-date\">Thursday April 15th, 2021<\/span><span class=\"meta-author\"><a href=\"https:\/\/istarskiprsut.hr\/en\/author\/adminfavor\/\" title=\"Posts by adminfavor\" rel=\"author\">adminfavor<\/a><\/span><span class=\"meta-cats\"><a href=\"https:\/\/istarskiprsut.hr\/en\/category\/novosti\/\" rel=\"category tag\"><\/a><\/span><span class=\"meta-tags\"><a href=\"https:\/\/istarskiprsut.hr\/en\/tag\/live-stream\/\" rel=\"tag\">Live Stream<\/a>, <a href=\"https:\/\/istarskiprsut.hr\/en\/tag\/youtube\/\" rel=\"tag\">YouTube<\/a><\/span><\/div>\r\n\t<div class=\"clearfix\">\r\n\t\t<a class=\"btn-readmore\" href=\"https:\/\/istarskiprsut.hr\/en\/2021\/04\/15\/live-stream-ozujak-2021\/\">Read more +<\/a>\r\n\t<\/div>\r\n<\/article>\r\n<\/div><div class=\"col-sm-6 col-lg-3\">\r\n<article class=\"post post-modern hide-post-date post-2791 post type-post status-publish format-standard has-post-thumbnail hentry category-uncategorized\">\r\n\t<div class=\"post-image single\">\r\n\t\t<div class=\"post-slideshow porto-carousel owl-carousel has-ccols ccols-1  nav-inside nav-inside-center nav-style-2 show-nav-hover\" data-plugin-options='{\"nav\":true}'>\r\n\t\t\t\t\t\t\t\t\t\t\t<a href=\"https:\/\/istarskiprsut.hr\/en\/2021\/02\/01\/paolo-jelenic-novi-je-predsjednik-udruge-proizvodaca-istarskog-prsuta\/\" aria-label=\"post image\">\r\n\t\t\t\t\t\t\t\t<div class=\"img-thumbnail\">\r\n\t\t\t\t\t\t<img decoding=\"async\" width=\"400\" height=\"300\" src=\"https:\/\/istarskiprsut.hr\/wp-content\/uploads\/2021\/02\/bookaleta-paolo-jelenic-predsjednik-udruge-prsutara-400x300.jpg\" class=\"owl-lazy img-responsive\" alt=\"\" \/>\t\t\t\t\t\t\t\t\t\t\t\t\t<span class=\"zoom\" data-src=\"https:\/\/istarskiprsut.hr\/wp-content\/uploads\/2021\/02\/bookaleta-paolo-jelenic-predsjednik-udruge-prsutara.jpg\" data-title=\"\"><i class=\"fas fa-search\"><\/i><\/span>\r\n\t\t\t\t\t\t\t\t\t\t\t<\/div>\r\n\t\t\t\t\t\t\t\t<\/a>\r\n\t\t\t\t\t\t\t\t<\/div>\r\n\t\t\r\n\t\t\t<\/div>\r\n\t\r\n\t\r\n\t<div class=\"post-content\">\r\n\r\n\t\t<h2 class=\"entry-title\"><a href=\"https:\/\/istarskiprsut.hr\/en\/2021\/02\/01\/paolo-jelenic-novi-je-predsjednik-udruge-proizvodaca-istarskog-prsuta\/\">Paolo Jeleni\u0107 novi je predsjednik udruge proizvo\u0111a\u010da istarskog pr\u0161uta<\/a><\/h2>\r\n\t\t<span class=\"vcard\" style=\"display: none;\"><span class=\"fn\"><a href=\"https:\/\/istarskiprsut.hr\/en\/author\/mpjapa\/\" title=\"Posts by mpjapa\" rel=\"author\">mpjapa<\/a><\/span><\/span><span class=\"updated\" style=\"display:none\">2021-10-01T18:47:01+00:00<\/span><p class=\"post-excerpt\">Paolo Jeleni\u0107 novi je predsjednik Udruge proizvo\u0111a\u010da istarskog pr\u0161uta i drugih tradicijskih proizvoda od svinjskog mesa, zamijeniv\u0161i na toj funkciji...<\/p>\t\t\t<\/div>\r\n\r\n\t<!-- Post meta after content -->\r\n\t<div class=\"post-meta\"><span class=\"meta-date\">Monday February  1st, 2021<\/span><span class=\"meta-author\"><a href=\"https:\/\/istarskiprsut.hr\/en\/author\/mpjapa\/\" title=\"Posts by mpjapa\" rel=\"author\">mpjapa<\/a><\/span><span class=\"meta-cats\"><a href=\"https:\/\/istarskiprsut.hr\/en\/category\/uncategorized\/\" rel=\"category tag\">Uncategorized<\/a><\/span><span class=\"meta-comments\"><span>Comments Off<\/span><\/span><\/div>\r\n\t<div class=\"clearfix\">\r\n\t\t<a class=\"btn-readmore\" href=\"https:\/\/istarskiprsut.hr\/en\/2021\/02\/01\/paolo-jelenic-novi-je-predsjednik-udruge-proizvodaca-istarskog-prsuta\/\">Read more +<\/a>\r\n\t<\/div>\r\n<\/article>\r\n<\/div>\r\n\t\r\n\t\t\t<\/div>\r\n\t\t<\/div>\r\n\r\n\t\r\n\t\r\n\t<\/div>[vc_btn title=&#8221;ALLE BEITR\u00c4GE&#8221; style=&#8221;modern&#8221; shape=&#8221;rounded&#8221; color=&#8221;chino&#8221; size=&#8221;sm&#8221; align=&#8221;center&#8221; skin=&#8221;dark&#8221; btn_fw=&#8221;500&#8243; el_class=&#8221;mb-0 ls-120&#8243; link=&#8221;url:%2Fblog%2F&#8221;][vc_empty_space height=&#8221;40px&#8221;][\/vc_column][\/vc_row]ISTRIAN OMBOLO&rdquo;\" rel=\"nofollow\">Select options<\/a>\t\t<span id=\"woocommerce_loop_add_to_cart_link_describedby_2255\" class=\"screen-reader-text\">\r\n\t\tThis product has multiple variants. The options may be chosen on the product page\t<\/span>\r\n\t\t\t<\/div>\r\n\t<\/div>\r\n\t\t<\/div>\r\n\t\t\t<\/div>\r\n\r\n\t<div class=\"product-content\">\r\n\t\t\r\n\t\t\t<a class=\"product-loop-title\"  href=\"https:\/\/istarskiprsut.hr\/en\/product\/istarski-ombolo\/\">\r\n\t<h3 class=\"woocommerce-loop-product__title\">ISTRIAN OMBOLO<\/h3>\t<\/a>\r\n\t\r\n\t\t\n\t<span class=\"price\"><span class=\"woocommerce-Price-amount amount\"><bdi>13,00&nbsp;<span class=\"woocommerce-Price-currencySymbol\">&euro;<\/span><\/bdi><\/span><\/span>\n\r\n\t\t<div class=\"add-links-wrap\">\r\n\t<div class=\"add-links no-effect clearfix\">\r\n\t\t<a href=\"https:\/\/istarskiprsut.hr\/en\/product\/istarski-ombolo\/\" aria-describedby=\"woocommerce_loop_add_to_cart_link_describedby_2255\" data-quantity=\"1\" class=\"viewcart-style-2 button product_type_variable add_to_cart_button\" data-product_id=\"2255\" data-product_sku=\"8\" aria-label=\"Select options for &ldquo;ISTRIAN OMBOLO&rdquo;\" rel=\"nofollow\">Select options<\/a>\t\t<span id=\"woocommerce_loop_add_to_cart_link_describedby_2255\" class=\"screen-reader-text\">\r\n\t\tThis product has multiple variants. The options may be chosen on the product page\t<\/span>\r\n\t\t\t<\/div>\r\n\t<\/div>\r\n\n                \n                            \n            \t<\/div>\r\n<\/div>\r\n\r\n<\/li>\r\n\r\n<li role=\"none\" class=\"product-col product-wq_onimage product type-product post-2254 status-publish instock product_cat-jelenic has-post-thumbnail featured taxable shipping-taxable purchasable product-type-variable has-default-attributes\">\r\n<div class=\"product-inner\">\r\n\t\r\n\t<div class=\"product-image\">\r\n\r\n\t\t<a  href=\"https:\/\/istarskiprsut.hr\/en\/product\/istarska-kosnica\/\" aria-label=\"Go to product page\">\r\n\t\t\t<div class=\"labels\"><div class=\"onhot\">Hot<\/div><\/div><div class=\"inner img-effect\"><img decoding=\"async\" width=\"300\" height=\"300\" src=\"https:\/\/istarskiprsut.hr\/wp-content\/uploads\/2021\/07\/prsutana-jelenic-proizvodi-domaca-kosnica-02-300x300.jpg\" class=\"attachment-woocommerce_thumbnail size-woocommerce_thumbnail\" alt=\"ISTRIAN KOSNICA\" \/><img decoding=\"async\" width=\"300\" height=\"300\" src=\"https:\/\/istarskiprsut.hr\/wp-content\/uploads\/2021\/07\/prsutana-jelenic-proizvodi-domaca-kosnica-01-300x300.jpg\" class=\"hover-image\" alt=\"\" \/><\/div>\t\t<\/a>\r\n\t\t\t<div class=\"links-on-image\">\r\n\t\t\t<div class=\"add-links-wrap\">\r\n\t<div class=\"add-links no-effect clearfix\">\r\n\t\t<a href=\"https:\/\/istarskiprsut.hr\/en\/product\/istarska-kosnica\/\" aria-describedby=\"woocommerce_loop_add_to_cart_link_describedby_2254\" data-quantity=\"1\" class=\"viewcart-style-2 button product_type_variable add_to_cart_button\" data-product_id=\"2254\" data-product_sku=\"89\" aria-label=\"Select options for &ldquo;ISTRIAN KOSNICA&rdquo;\" rel=\"nofollow\">Select options<\/a>\t\t<span id=\"woocommerce_loop_add_to_cart_link_describedby_2254\" class=\"screen-reader-text\">\r\n\t\tThis product has multiple variants. The options may be chosen on the product page\t<\/span>\r\n\t\t\t<\/div>\r\n\t<\/div>\r\n\t\t<\/div>\r\n\t\t\t<\/div>\r\n\r\n\t<div class=\"product-content\">\r\n\t\t\r\n\t\t\t<a class=\"product-loop-title\"  href=\"https:\/\/istarskiprsut.hr\/en\/product\/istarska-kosnica\/\">\r\n\t<h3 class=\"woocommerce-loop-product__title\">ISTRIAN KOSNICA<\/h3>\t<\/a>\r\n\t\r\n\t\t\n\t<span class=\"price\"><span class=\"woocommerce-Price-amount amount\"><bdi>5,00&nbsp;<span class=\"woocommerce-Price-currencySymbol\">&euro;<\/span><\/bdi><\/span><\/span>\n\r\n\t\t<div class=\"add-links-wrap\">\r\n\t<div class=\"add-links no-effect clearfix\">\r\n\t\t<a href=\"https:\/\/istarskiprsut.hr\/en\/product\/istarska-kosnica\/\" aria-describedby=\"woocommerce_loop_add_to_cart_link_describedby_2254\" data-quantity=\"1\" class=\"viewcart-style-2 button product_type_variable add_to_cart_button\" data-product_id=\"2254\" data-product_sku=\"89\" aria-label=\"Select options for &ldquo;ISTRIAN KOSNICA&rdquo;\" rel=\"nofollow\">Select options<\/a>\t\t<span id=\"woocommerce_loop_add_to_cart_link_describedby_2254\" class=\"screen-reader-text\">\r\n\t\tThis product has multiple variants. The options may be chosen on the product page\t<\/span>\r\n\t\t\t<\/div>\r\n\t<\/div>\r\n\n                \n                            \n            \t<\/div>\r\n<\/div>\r\n\r\n<\/li>\r\n\r\n<li role=\"none\" class=\"product-col product-wq_onimage product type-product post-2253 status-publish last outofstock product_cat-jelenic has-post-thumbnail featured taxable shipping-taxable purchasable product-type-variable has-default-attributes\">\r\n<div class=\"product-inner\">\r\n\t\r\n\t<div class=\"product-image\">\r\n\r\n\t\t<a  href=\"https:\/\/istarskiprsut.hr\/en\/product\/kobasica-uganj\/\" aria-label=\"Go to product page\">\r\n\t\t\t<div class=\"labels\"><div class=\"onhot\">Hot<\/div><\/div><div class=\"inner img-effect\"><img decoding=\"async\" width=\"300\" height=\"300\" src=\"https:\/\/istarskiprsut.hr\/wp-content\/uploads\/2021\/09\/prsutana-jelenic-proizvodi-kobasica-uganj-300x300.jpg\" class=\"attachment-woocommerce_thumbnail size-woocommerce_thumbnail\" alt=\"ISTRIAN SAUSAGE UGANJ\" \/><img decoding=\"async\" width=\"300\" height=\"300\" src=\"https:\/\/istarskiprsut.hr\/wp-content\/uploads\/2021\/07\/prsutana-jelenic-proizvodi-kobasica-uganj-studeni-2022-300x300.jpg\" class=\"hover-image\" alt=\"\" \/><\/div>\t\t<\/a>\r\n\t\t\t<div class=\"links-on-image\">\r\n\t\t\t<div class=\"add-links-wrap\">\r\n\t<div class=\"add-links no-effect clearfix\">\r\n\t\t<a href=\"https:\/\/istarskiprsut.hr\/en\/product\/kobasica-uganj\/\" aria-describedby=\"woocommerce_loop_add_to_cart_link_describedby_2253\" data-quantity=\"1\" class=\"viewcart-style-2 button product_type_variable add_to_cart_read_more\" data-product_id=\"2253\" data-product_sku=\"90\" aria-label=\"Select options for &ldquo;ISTRIAN SAUSAGE UGANJ&rdquo;\" rel=\"nofollow\">Select options<\/a>\t\t<span id=\"woocommerce_loop_add_to_cart_link_describedby_2253\" class=\"screen-reader-text\">\r\n\t\tThis product has multiple variants. The options may be chosen on the product page\t<\/span>\r\n\t\t\t<\/div>\r\n\t<\/div>\r\n\t\t<\/div>\r\n\t\t\t<\/div>\r\n\r\n\t<div class=\"product-content\">\r\n\t\t\r\n\t\t\t<a class=\"product-loop-title\"  href=\"https:\/\/istarskiprsut.hr\/en\/product\/kobasica-uganj\/\">\r\n\t<h3 class=\"woocommerce-loop-product__title\">ISTRIAN SAUSAGE UGANJ<\/h3>\t<\/a>\r\n\t\r\n\t\t\n\t<span class=\"price\"><span class=\"woocommerce-Price-amount amount\"><bdi>5,00&nbsp;<span class=\"woocommerce-Price-currencySymbol\">&euro;<\/span><\/bdi><\/span><\/span>\n\r\n\t\t<div class=\"add-links-wrap\">\r\n\t<div class=\"add-links no-effect clearfix\">\r\n\t\t<a href=\"https:\/\/istarskiprsut.hr\/en\/product\/kobasica-uganj\/\" aria-describedby=\"woocommerce_loop_add_to_cart_link_describedby_2253\" data-quantity=\"1\" class=\"viewcart-style-2 button product_type_variable add_to_cart_read_more\" data-product_id=\"2253\" data-product_sku=\"90\" aria-label=\"Select options for &ldquo;ISTRIAN SAUSAGE UGANJ&rdquo;\" rel=\"nofollow\">Select options<\/a>\t\t<span id=\"woocommerce_loop_add_to_cart_link_describedby_2253\" class=\"screen-reader-text\">\r\n\t\tThis product has multiple variants. The options may be chosen on the product page\t<\/span>\r\n\t\t\t<\/div>\r\n\t<\/div>\r\n\n                \n                            \n            \t<\/div>\r\n<\/div>\r\n\r\n<\/li>\r\n<\/ul>\r\n<\/div><\/div>[vc_btn title=&#8221;TUTTI I PRODOTTI&#8221; style=&#8221;modern&#8221; shape=&#8221;rounded&#8221; color=&#8221;chino&#8221; size=&#8221;sm&#8221; align=&#8221;center&#8221; skin=&#8221;dark&#8221; el_class=&#8221;mb-0 ls-120&#8243; link=&#8221;url:%2Fshop%2F&#8221;][vc_empty_space height=&#8221;40px&#8221;][\/vc_column][\/vc_row][vc_row full_width=&#8221;stretch_row&#8221; wrap_container=&#8221;yes&#8221; content_placement=&#8221;middle&#8221; css=&#8221;.vc_custom_1623944076191{padding-top: 1.25rem !important;padding-bottom: 2rem !important;background-color: #efe8d7 !important;}&#8221; el_class=&#8221;header-top-ads&#8221;][vc_column width=&#8221;1\/3&#8243; animation_delay=&#8221;200&#8243;]<div class=\"porto-sicon-box  wpb_custom_20716856f560ace4298eabfbc848b623 style_1 default-icon\"><div class=\"porto-sicon-default\"><div class=\"porto-just-icon-wrapper porto-sicon-img  porto-icon-9f5d1cfb45d27d96b50bf473aebba227\" style=\"font-size: 48px;\"><img decoding=\"async\" class=\"img-icon\" alt=\"\" src=\"https:\/\/istarskiprsut.hr\/wp-content\/uploads\/2021\/09\/prsutana-jelenic-ikona-500kn.svg\" width=\"1\" height=\"1\" \/><\/div><\/div><div class=\"porto-sicon-header\"><h3 class=\"porto-sicon-title\" style=\"font-weight:700;font-size:14px;line-height:1;\">Consegna gratuita in Croazia per acquisti superiori a 500 kn<\/h3><\/div> <!-- header --><\/div><!-- porto-sicon-box -->[\/vc_column][vc_column width=&#8221;1\/3&#8243; animation_delay=&#8221;500&#8243;]<div class=\"porto-sicon-box  wpb_custom_20716856f560ace4298eabfbc848b623 style_1 default-icon\"><div class=\"porto-sicon-default\"><div class=\"porto-just-icon-wrapper porto-sicon-img  porto-icon-9f5d1cfb45d27d96b50bf473aebba227\" style=\"font-size: 48px;\"><img decoding=\"async\" class=\"img-icon\" alt=\"\" src=\"https:\/\/istarskiprsut.hr\/wp-content\/uploads\/2025\/04\/prsutana-jelenic-ikona-sigurna-web-kupovina.svg\" width=\"1\" height=\"1\" \/><\/div><\/div><div class=\"porto-sicon-header\"><h3 class=\"porto-sicon-title\" style=\"font-weight:700;font-size:14px;line-height:1;\">Shopping online sicuro e affidabile<\/h3><\/div> <!-- header --><\/div><!-- porto-sicon-box -->[\/vc_column][vc_column width=&#8221;1\/3&#8243;]<div class=\"porto-sicon-box  wpb_custom_20716856f560ace4298eabfbc848b623 style_1 default-icon\"><div class=\"porto-sicon-default\"><div class=\"porto-just-icon-wrapper porto-sicon-img  porto-icon-9f5d1cfb45d27d96b50bf473aebba227\" style=\"font-size: 48px;\"><img decoding=\"async\" class=\"img-icon\" alt=\"\" src=\"https:\/\/istarskiprsut.hr\/wp-content\/uploads\/2021\/09\/prsutana-jelenic-ikona-vrhunska-kvaliteta.svg\" width=\"1\" height=\"1\" \/><\/div><\/div><div class=\"porto-sicon-header\"><h3 class=\"porto-sicon-title\" style=\"font-weight:700;font-size:14px;line-height:1;\">Prodotti di altissima qualit\u00e0<\/h3><\/div> <!-- header --><\/div><!-- porto-sicon-box -->[\/vc_column][\/vc_row][vc_row full_width=&#8221;stretch_row&#8221; no_padding=&#8221;yes&#8221; content_placement=&#8221;middle&#8221; parallax=&#8221;content-moving&#8221; parallax_image=&#8221;2527&#8243; is_section=&#8221;yes&#8221; remove_border=&#8221;yes&#8221; el_class=&#8221;home-banner-slider&#8221; css=&#8221;.vc_custom_1630157217788{margin-top: -25px !important;}&#8221;][vc_column parallax=&#8221;content-moving-fade&#8221;][vc_row_inner wrap_container=&#8221;yes&#8221; gap=&#8221;10&#8243; content_placement=&#8221;middle&#8221;][vc_column_inner width=&#8221;1\/2&#8243;][vc_custom_heading text=&#8221;I sapori della tradizione istriana&#8221; font_container=&#8221;tag:h4|font_size:40px|text_align:left|color:%23ffffff|line_height:48px&#8221; google_fonts=&#8221;font_family:Belgrano%3Aregular|font_style:400%20regular%3A400%3Anormal&#8221; font_weight=&#8221;500&#8243; el_class=&#8221;mb-3 ls-80&#8243;][vc_custom_heading text=&#8221;Oltre al prosciutto istriano, ci sono molti altri salumi che delizieranno il palato di tutti, come la salsiccia istriana, l&#8217;ombolo (lonza di maiale stagionata), la pancetta. La gamma dei prodotti spazia da quelli tradizionali a quelli pi\u00f9 moderni, come la salsiccia piccante Uganj o quella al tartufo il cui sapore e aroma sono davvero particolari.&#8221; font_container=&#8221;tag:h4|font_size:18px|text_align:left|color:%23ffffff|line_height:26px&#8221; google_fonts=&#8221;font_family:Open%20Sans%3A300%2C300italic%2Cregular%2Citalic%2C600%2C600italic%2C700%2C700italic%2C800%2C800italic|font_style:300%20light%20regular%3A300%3Anormal&#8221; font_weight=&#8221;300&#8243; letter_spacing=&#8221;0&#8243; el_class=&#8221;custom-font1 mb-2 ls-90&#8243;][vc_btn title=&#8221;PER SAPERNE DI PI\u00d9&#8221; style=&#8221;modern&#8221; shape=&#8221;rounded&#8221; color=&#8221;default&#8221; size=&#8221;lg&#8221; align=&#8221;left&#8221; skin=&#8221;light&#8221; link=&#8221;url:%2Fnasi-proizvodi%2F&#8221;][\/vc_column_inner][vc_column_inner width=&#8221;1\/2&#8243;][vc_single_image image=&#8221;2603&#8243; img_size=&#8221;full&#8221; alignment=&#8221;center&#8221; style=&#8221;vc_box_outline_circle&#8221; border_color=&#8221;chino&#8221; css=&#8221;.vc_custom_1630271947467{padding-top: 20px !important;padding-right: 20px !important;padding-bottom: 20px !important;padding-left: 20px !important;}&#8221; animation_type=&#8221;fadeIn&#8221;][\/vc_column_inner][\/vc_row_inner][\/vc_column][\/vc_row][vc_row full_width=&#8221;stretch_row&#8221; wrap_container=&#8221;yes&#8221; content_placement=&#8221;middle&#8221; css=&#8221;.vc_custom_1623351346858{padding-top: 1.25rem !important;padding-bottom: 1.25rem !important;}&#8221; el_class=&#8221;header-top-ads&#8221;][vc_column width=&#8221;1\/6&#8243; animation_delay=&#8221;200&#8243; animation_type=&#8221;fadeIn&#8221;][\/vc_column][vc_column width=&#8221;4\/6&#8243;][vc_column_text]<\/p>\n<h2 style=\"text-align: center;\">NOVIT\u00c0<\/h2>\n<p style=\"text-align: center;\">Qui troverai tutte le notizie relative al Prosciuttificio Jeleni\u0107 relative ai prodotti, i premi vinti, i punti vendita ed agli orari di lavoro.<\/p>\n<p>[\/vc_column_text][\/vc_column][vc_column width=&#8221;1\/6&#8243;][\/vc_column][\/vc_row][vc_row full_width=&#8221;stretch_row&#8221; wrap_container=&#8221;yes&#8221;][vc_column]<div class=\"porto-blog wpb_content_element   wpb_custom_9c745ac33a8bb4820cfc6b89805915cc porto-blog-e0b603537120859819a60b8e18355fe8\">\t\t<div class=\"blog-posts posts-grid blog-posts-modern\">\r\n\t\t\t<div class=\"posts-container row\">\r\n\t\t<div class=\"col-sm-6 col-lg-3\">\r\n<article class=\"post post-modern hide-post-date post-3269 post type-post status-publish format-standard has-post-thumbnail hentry category-novosti tag-glas-istre tag-nagrade tag-oznaka-izvornosti\">\r\n\t<div class=\"post-image single\">\r\n\t\t<div class=\"post-slideshow porto-carousel owl-carousel has-ccols ccols-1  nav-inside nav-inside-center nav-style-2 show-nav-hover\" data-plugin-options='{\"nav\":true}'>\r\n\t\t\t\t\t\t\t\t\t\t\t<a href=\"https:\/\/istarskiprsut.hr\/en\/2022\/01\/12\/o-nasim-buducim-planovima\/\" aria-label=\"post image\">\r\n\t\t\t\t\t\t\t\t<div class=\"img-thumbnail\">\r\n\t\t\t\t\t\t<img decoding=\"async\" width=\"400\" height=\"300\" src=\"https:\/\/istarskiprsut.hr\/wp-content\/uploads\/2022\/01\/prsutana-jelenic-istarski-prsut-glas-istre-sijecanj-2022-400x300.jpg\" class=\"owl-lazy img-responsive\" alt=\"prsutana-jelenic-istarski-prsut-glas-istre-sijecanj-2022\" \/>\t\t\t\t\t\t\t\t\t\t\t\t\t<span class=\"zoom\" data-src=\"https:\/\/istarskiprsut.hr\/wp-content\/uploads\/2022\/01\/prsutana-jelenic-istarski-prsut-glas-istre-sijecanj-2022.jpg\" data-title=\"prsutana-jelenic-istarski-prsut-glas-istre-sijecanj-2022\"><i class=\"fas fa-search\"><\/i><\/span>\r\n\t\t\t\t\t\t\t\t\t\t\t<\/div>\r\n\t\t\t\t\t\t\t\t<\/a>\r\n\t\t\t\t\t\t\t\t<\/div>\r\n\t\t\r\n\t\t\t<\/div>\r\n\t\r\n\t\r\n\t<div class=\"post-content\">\r\n\r\n\t\t<h2 class=\"entry-title\"><a href=\"https:\/\/istarskiprsut.hr\/en\/2022\/01\/12\/o-nasim-buducim-planovima\/\">O na\u0161im budu\u0107im planovima&#8230;<\/a><\/h2>\r\n\t\t<span class=\"vcard\" style=\"display: none;\"><span class=\"fn\"><a href=\"https:\/\/istarskiprsut.hr\/en\/author\/lujelenic99gmail-com\/\" title=\"Posts by Lucija Jelenic\" rel=\"author\">Lucija Jelenic<\/a><\/span><\/span><span class=\"updated\" style=\"display:none\">2025-04-30T15:14:53+00:00<\/span><p class=\"post-excerpt\">Intervju o budu\u0107im planovima <a title=\"O nama\" href=\"https:\/\/istarskiprsut.hr\/o-nama\/\">na\u0161e pr\u0161utane<\/a> bio je dio novogodi\u0161njeg broja Glasa Istre. Preseljenje pogona u \u017dminj...<\/p>\t\t\t<\/div>\r\n\r\n\t<!-- Post meta after content -->\r\n\t<div class=\"post-meta\"><span class=\"meta-date\">Wednesday January 12th, 2022<\/span><span class=\"meta-author\"><a href=\"https:\/\/istarskiprsut.hr\/en\/author\/lujelenic99gmail-com\/\" title=\"Posts by Lucija Jelenic\" rel=\"author\">Lucija Jelenic<\/a><\/span><span class=\"meta-cats\"><a href=\"https:\/\/istarskiprsut.hr\/en\/category\/novosti\/\" rel=\"category tag\"><\/a><\/span><span class=\"meta-tags\"><a href=\"https:\/\/istarskiprsut.hr\/en\/tag\/glas-istre\/\" rel=\"tag\">Glas Istre<\/a>, <a href=\"https:\/\/istarskiprsut.hr\/en\/tag\/nagrade\/\" rel=\"tag\">Nagrade<\/a>, <a href=\"https:\/\/istarskiprsut.hr\/en\/tag\/oznaka-izvornosti\/\" rel=\"tag\">Oznaka Izvornosti<\/a><\/span><\/div>\r\n\t<div class=\"clearfix\">\r\n\t\t<a class=\"btn-readmore\" href=\"https:\/\/istarskiprsut.hr\/en\/2022\/01\/12\/o-nasim-buducim-planovima\/\">Read more +<\/a>\r\n\t<\/div>\r\n<\/article>\r\n<\/div><div class=\"col-sm-6 col-lg-3\">\r\n<article class=\"post post-modern hide-post-date post-1354 post type-post status-publish format-standard has-post-thumbnail hentry category-novosti tag-covid-salamijada tag-kosnica\">\r\n\t<div class=\"post-image single\">\r\n\t\t<div class=\"post-slideshow porto-carousel owl-carousel has-ccols ccols-1  nav-inside nav-inside-center nav-style-2 show-nav-hover\" data-plugin-options='{\"nav\":true}'>\r\n\t\t\t\t\t\t\t\t\t\t\t<a href=\"https:\/\/istarskiprsut.hr\/en\/2021\/04\/25\/covid-salamijada-2021-samobor-nagrade\/\" aria-label=\"post image\">\r\n\t\t\t\t\t\t\t\t<div class=\"img-thumbnail\">\r\n\t\t\t\t\t\t<img decoding=\"async\" width=\"400\" height=\"300\" src=\"https:\/\/istarskiprsut.hr\/wp-content\/uploads\/2018\/02\/prsutana-jelenic-covid-salumijada-2021-nagrade-400x300.jpg\" class=\"owl-lazy img-responsive\" alt=\"\" \/>\t\t\t\t\t\t\t\t\t\t\t\t\t<span class=\"zoom\" data-src=\"https:\/\/istarskiprsut.hr\/wp-content\/uploads\/2018\/02\/prsutana-jelenic-covid-salumijada-2021-nagrade.jpg\" data-title=\"\"><i class=\"fas fa-search\"><\/i><\/span>\r\n\t\t\t\t\t\t\t\t\t\t\t<\/div>\r\n\t\t\t\t\t\t\t\t<\/a>\r\n\t\t\t\t\t\t\t\t<\/div>\r\n\t\t\r\n\t\t\t<\/div>\r\n\t\r\n\t\r\n\t<div class=\"post-content\">\r\n\r\n\t\t<h2 class=\"entry-title\"><a href=\"https:\/\/istarskiprsut.hr\/en\/2021\/04\/25\/covid-salamijada-2021-samobor-nagrade\/\">Pr\u0161utana Jeleni\u0107 pokupila nagrade i u Samoboru<\/a><\/h2>\r\n\t\t<span class=\"vcard\" style=\"display: none;\"><span class=\"fn\"><a href=\"https:\/\/istarskiprsut.hr\/en\/author\/adminfavor\/\" title=\"Posts by adminfavor\" rel=\"author\">adminfavor<\/a><\/span><\/span><span class=\"updated\" style=\"display:none\">2021-10-01T18:27:13+00:00<\/span><p class=\"post-excerpt\">Lijepe vijesti u ova izazovna vremena!\r\n\u0160ampioni smo natjecanja Covid Salamijade 2021. u Samoboru, i dobitnici VELIKE ZLATNE \u0160AJBE u kategoriji...<\/p>\t\t\t<\/div>\r\n\r\n\t<!-- Post meta after content -->\r\n\t<div class=\"post-meta\"><span class=\"meta-date\">Sunday April 25th, 2021<\/span><span class=\"meta-author\"><a href=\"https:\/\/istarskiprsut.hr\/en\/author\/adminfavor\/\" title=\"Posts by adminfavor\" rel=\"author\">adminfavor<\/a><\/span><span class=\"meta-cats\"><a href=\"https:\/\/istarskiprsut.hr\/en\/category\/novosti\/\" rel=\"category tag\"><\/a><\/span><span class=\"meta-tags\"><a href=\"https:\/\/istarskiprsut.hr\/en\/tag\/covid-salamijada\/\" rel=\"tag\">Covid Salamijada<\/a>, <a href=\"https:\/\/istarskiprsut.hr\/en\/tag\/kosnica\/\" rel=\"tag\">Kosnica<\/a><\/span><span class=\"meta-comments\"><span>Comments Off<\/span><\/span><\/div>\r\n\t<div class=\"clearfix\">\r\n\t\t<a class=\"btn-readmore\" href=\"https:\/\/istarskiprsut.hr\/en\/2021\/04\/25\/covid-salamijada-2021-samobor-nagrade\/\">Read more +<\/a>\r\n\t<\/div>\r\n<\/article>\r\n<\/div><div class=\"col-sm-6 col-lg-3\">\r\n<article class=\"post post-modern hide-post-date post-1344 post type-post status-publish format-standard has-post-thumbnail hentry category-novosti tag-live-stream tag-youtube\">\r\n\t<div class=\"post-image single\">\r\n\t\t<div class=\"post-slideshow porto-carousel owl-carousel has-ccols ccols-1  nav-inside nav-inside-center nav-style-2 show-nav-hover\" data-plugin-options='{\"nav\":true}'>\r\n\t\t\t\t\t\t\t\t\t\t\t<a href=\"https:\/\/istarskiprsut.hr\/en\/2021\/04\/15\/live-stream-ozujak-2021\/\" aria-label=\"post image\">\r\n\t\t\t\t\t\t\t\t<div class=\"img-thumbnail\">\r\n\t\t\t\t\t\t<img decoding=\"async\" width=\"400\" height=\"300\" src=\"https:\/\/istarskiprsut.hr\/wp-content\/uploads\/2018\/02\/prsutana-jelenic-live-stream-paolo-luka-jelenic-400x300.jpg\" class=\"owl-lazy img-responsive\" alt=\"\" \/>\t\t\t\t\t\t\t\t\t\t\t\t\t<span class=\"zoom\" data-src=\"https:\/\/istarskiprsut.hr\/wp-content\/uploads\/2018\/02\/prsutana-jelenic-live-stream-paolo-luka-jelenic.jpg\" data-title=\"\"><i class=\"fas fa-search\"><\/i><\/span>\r\n\t\t\t\t\t\t\t\t\t\t\t<\/div>\r\n\t\t\t\t\t\t\t\t<\/a>\r\n\t\t\t\t\t\t\t\t<\/div>\r\n\t\t\r\n\t\t\t<\/div>\r\n\t\r\n\t\r\n\t<div class=\"post-content\">\r\n\r\n\t\t<h2 class=\"entry-title\"><a href=\"https:\/\/istarskiprsut.hr\/en\/2021\/04\/15\/live-stream-ozujak-2021\/\">Pr\u0161utana Jeleni\u0107 predstavlja svoje Live Stream emisije<\/a><\/h2>\r\n\t\t<span class=\"vcard\" style=\"display: none;\"><span class=\"fn\"><a href=\"https:\/\/istarskiprsut.hr\/en\/author\/adminfavor\/\" title=\"Posts by adminfavor\" rel=\"author\">adminfavor<\/a><\/span><\/span><span class=\"updated\" style=\"display:none\">2025-04-30T15:16:05+00:00<\/span><p class=\"post-excerpt\">Do what makes you happy.\r\nNovo iskustvo, nova aventura!\r\nHtjeli bi se zahvaliti cijelom timu na odli\u010dno odra\u0111enom poslu na epizodama live...<\/p>\t\t\t<\/div>\r\n\r\n\t<!-- Post meta after content -->\r\n\t<div class=\"post-meta\"><span class=\"meta-date\">Thursday April 15th, 2021<\/span><span class=\"meta-author\"><a href=\"https:\/\/istarskiprsut.hr\/en\/author\/adminfavor\/\" title=\"Posts by adminfavor\" rel=\"author\">adminfavor<\/a><\/span><span class=\"meta-cats\"><a href=\"https:\/\/istarskiprsut.hr\/en\/category\/novosti\/\" rel=\"category tag\"><\/a><\/span><span class=\"meta-tags\"><a href=\"https:\/\/istarskiprsut.hr\/en\/tag\/live-stream\/\" rel=\"tag\">Live Stream<\/a>, <a href=\"https:\/\/istarskiprsut.hr\/en\/tag\/youtube\/\" rel=\"tag\">YouTube<\/a><\/span><\/div>\r\n\t<div class=\"clearfix\">\r\n\t\t<a class=\"btn-readmore\" href=\"https:\/\/istarskiprsut.hr\/en\/2021\/04\/15\/live-stream-ozujak-2021\/\">Read more +<\/a>\r\n\t<\/div>\r\n<\/article>\r\n<\/div><div class=\"col-sm-6 col-lg-3\">\r\n<article class=\"post post-modern hide-post-date post-2791 post type-post status-publish format-standard has-post-thumbnail hentry category-uncategorized\">\r\n\t<div class=\"post-image single\">\r\n\t\t<div class=\"post-slideshow porto-carousel owl-carousel has-ccols ccols-1  nav-inside nav-inside-center nav-style-2 show-nav-hover\" data-plugin-options='{\"nav\":true}'>\r\n\t\t\t\t\t\t\t\t\t\t\t<a href=\"https:\/\/istarskiprsut.hr\/en\/2021\/02\/01\/paolo-jelenic-novi-je-predsjednik-udruge-proizvodaca-istarskog-prsuta\/\" aria-label=\"post image\">\r\n\t\t\t\t\t\t\t\t<div class=\"img-thumbnail\">\r\n\t\t\t\t\t\t<img decoding=\"async\" width=\"400\" height=\"300\" src=\"https:\/\/istarskiprsut.hr\/wp-content\/uploads\/2021\/02\/bookaleta-paolo-jelenic-predsjednik-udruge-prsutara-400x300.jpg\" class=\"owl-lazy img-responsive\" alt=\"\" \/>\t\t\t\t\t\t\t\t\t\t\t\t\t<span class=\"zoom\" data-src=\"https:\/\/istarskiprsut.hr\/wp-content\/uploads\/2021\/02\/bookaleta-paolo-jelenic-predsjednik-udruge-prsutara.jpg\" data-title=\"\"><i class=\"fas fa-search\"><\/i><\/span>\r\n\t\t\t\t\t\t\t\t\t\t\t<\/div>\r\n\t\t\t\t\t\t\t\t<\/a>\r\n\t\t\t\t\t\t\t\t<\/div>\r\n\t\t\r\n\t\t\t<\/div>\r\n\t\r\n\t\r\n\t<div class=\"post-content\">\r\n\r\n\t\t<h2 class=\"entry-title\"><a href=\"https:\/\/istarskiprsut.hr\/en\/2021\/02\/01\/paolo-jelenic-novi-je-predsjednik-udruge-proizvodaca-istarskog-prsuta\/\">Paolo Jeleni\u0107 novi je predsjednik udruge proizvo\u0111a\u010da istarskog pr\u0161uta<\/a><\/h2>\r\n\t\t<span class=\"vcard\" style=\"display: none;\"><span class=\"fn\"><a href=\"https:\/\/istarskiprsut.hr\/en\/author\/mpjapa\/\" title=\"Posts by mpjapa\" rel=\"author\">mpjapa<\/a><\/span><\/span><span class=\"updated\" style=\"display:none\">2021-10-01T18:47:01+00:00<\/span><p class=\"post-excerpt\">Paolo Jeleni\u0107 novi je predsjednik Udruge proizvo\u0111a\u010da istarskog pr\u0161uta i drugih tradicijskih proizvoda od svinjskog mesa, zamijeniv\u0161i na toj funkciji...<\/p>\t\t\t<\/div>\r\n\r\n\t<!-- Post meta after content -->\r\n\t<div class=\"post-meta\"><span class=\"meta-date\">Monday February  1st, 2021<\/span><span class=\"meta-author\"><a href=\"https:\/\/istarskiprsut.hr\/en\/author\/mpjapa\/\" title=\"Posts by mpjapa\" rel=\"author\">mpjapa<\/a><\/span><span class=\"meta-cats\"><a href=\"https:\/\/istarskiprsut.hr\/en\/category\/uncategorized\/\" rel=\"category tag\">Uncategorized<\/a><\/span><span class=\"meta-comments\"><span>Comments Off<\/span><\/span><\/div>\r\n\t<div class=\"clearfix\">\r\n\t\t<a class=\"btn-readmore\" href=\"https:\/\/istarskiprsut.hr\/en\/2021\/02\/01\/paolo-jelenic-novi-je-predsjednik-udruge-proizvodaca-istarskog-prsuta\/\">Read more +<\/a>\r\n\t<\/div>\r\n<\/article>\r\n<\/div>\r\n\t\r\n\t\t\t<\/div>\r\n\t\t<\/div>\r\n\r\n\t\r\n\t\r\n\t<\/div>[vc_btn title=&#8221;VAI A TUTTE LE NOTIZIE&#8221; style=&#8221;modern&#8221; shape=&#8221;rounded&#8221; color=&#8221;chino&#8221; size=&#8221;sm&#8221; align=&#8221;center&#8221; skin=&#8221;dark&#8221; btn_fw=&#8221;500&#8243; el_class=&#8221;mb-0 ls-120&#8243; link=&#8221;url:%2Fblog%2F&#8221;][vc_empty_space height=&#8221;40px&#8221;][\/vc_column][\/vc_row]<\/p>\n<\/div>","protected":false},"excerpt":{"rendered":"<p>[vc_row no_padding=&#8221;yes&#8221; is_section=&#8221;yes&#8221; remove_margin_top=&#8221;yes&#8221; remove_margin_bottom=&#8221;yes&#8221; remove_padding_top=&#8221;yes&#8221; remove_padding_bottom=&#8221;yes&#8221; remove_border=&#8221;yes&#8221; el_class=&#8221;home-banner-slider&#8221;][vc_column][\/vc_column][\/vc_row][vc_row full_width=&#8221;stretch_row&#8221; wrap_container=&#8221;yes&#8221; no_padding=&#8221;yes&#8221; equal_height=&#8221;yes&#8221; content_placement=&#8221;middle&#8221; css=&#8221;.vc_custom_1628512636228{padding-top: 1.25em !important;background-color: #b18b35 !important;}&#8221; el_class=&#8221;header-top-ads&#8221;][vc_column width=&#8221;3\/5&#8243; animation_delay=&#8221;500&#8243; animation_type=&#8221;fadeIn&#8221;][vc_column_text css=&#8221;.vc_custom_1632641681465{padding-top: 1.2em !important;}&#8221;] All Pr\u0161utana Jeleni\u0107 products are available for purchase in our online store. [\/vc_column_text][\/vc_column][vc_column width=&#8221;2\/5&#8243;][vc_btn title=&#8221;BUY NOW!&#8221; style=&#8221;modern&#8221; shape=&#8221;rounded&#8221; color=&#8221;white&#8221; size=&#8221;lg&#8221; align=&#8221;left&#8221; skin=&#8221;light&#8221; link=&#8221;url:%2Fshop%2F&#8221;][\/vc_column][\/vc_row][vc_row full_width=&#8221;stretch_row&#8221; wrap_container=&#8221;yes&#8221; content_placement=&#8221;middle&#8221; css=&#8221;.vc_custom_1630490703544{padding-top: 40px !important;}&#8221; [&hellip;]<\/p>\n","protected":false},"author":1,"featured_media":0,"parent":0,"menu_order":0,"comment_status":"closed","ping_status":"closed","template":"","meta":{"inline_featured_image":false,"_monsterinsights_skip_tracking":false,"_monsterinsights_sitenote_active":false,"_monsterinsights_sitenote_note":"","_monsterinsights_sitenote_category":0,"footnotes":""},"class_list":["post-143","page","type-page","status-publish","hentry"],"aioseo_notices":[],"_links":{"self":[{"href":"https:\/\/istarskiprsut.hr\/en\/wp-json\/wp\/v2\/pages\/143","targetHints":{"allow":["GET"]}}],"collection":[{"href":"https:\/\/istarskiprsut.hr\/en\/wp-json\/wp\/v2\/pages"}],"about":[{"href":"https:\/\/istarskiprsut.hr\/en\/wp-json\/wp\/v2\/types\/page"}],"author":[{"embeddable":true,"href":"https:\/\/istarskiprsut.hr\/en\/wp-json\/wp\/v2\/users\/1"}],"replies":[{"embeddable":true,"href":"https:\/\/istarskiprsut.hr\/en\/wp-json\/wp\/v2\/comments?post=143"}],"version-history":[{"count":260,"href":"https:\/\/istarskiprsut.hr\/en\/wp-json\/wp\/v2\/pages\/143\/revisions"}],"predecessor-version":[{"id":4125,"href":"https:\/\/istarskiprsut.hr\/en\/wp-json\/wp\/v2\/pages\/143\/revisions\/4125"}],"wp:attachment":[{"href":"https:\/\/istarskiprsut.hr\/en\/wp-json\/wp\/v2\/media?parent=143"}],"curies":[{"name":"wp","href":"https:\/\/api.w.org\/{rel}","templated":true}]}}